{"id":1974,"date":"2021-09-12T13:46:37","date_gmt":"2021-09-12T13:46:37","guid":{"rendered":"https:\/\/bindschi.ch\/?page_id=1974"},"modified":"2022-03-19T13:01:49","modified_gmt":"2022-03-19T13:01:49","slug":"blueemlisaplhorn","status":"publish","type":"page","link":"https:\/\/bindschi.ch\/index.php\/blueemlisaplhorn\/","title":{"rendered":"Bl\u00fcemlisaplhorn"},"content":{"rendered":"\n<h1 class=\"wp-block-heading\">Bl\u00fcemlisalphorn 3661 M.\u00fc.M.<\/h1>\n\n\n\n<p class=\"wp-block-paragraph\">Von der Bundl\u00e4ger Sennh\u00fctte (1918) starten wir am Vortag in Richtung Bl\u00fcemlisalph\u00fctte, zuerst m\u00e4ssig ansteigend bis Punkt 2050 anschliessend steil bis zum Sattel Uf der Wart 2459 und weiter steil bis Hoht\u00fcrli 2778. Nach diesem anhaltend steilem und strengem Aufstieg erblickt man nun endlich die Bl\u00fcemlisaplh\u00fctte 2835, das Tagesziel ist wenig sp\u00e4ter erreicht. Nach dem Einrichten im Schlafraum heisst es nun einfach nur die wundersch\u00f6ne Bergwelt geniessen und erholen. Nach dem Abendessen gibt&#8217;s zum Dessert noch einen fantastischen Sonnenuntergang zu bewundern ehe es ins Bett geht wo eine unruhige schlaflose Nacht bevorsteht. H\u00fctten sind nicht gerade meine bevorzugten Nachtquartiere, Schnarchen hier, schnarchen dort, es will einfach nicht schlafen. Als es dann doch endlich schl\u00e4ft ist schon wieder Tagwache, mitten in der Nacht geht es schon wider los. Blitzartig aufstehen, essen, Brot war es glaube ich das ich da mit etwas Butter und Konfit\u00fcre herunterw\u00fcrge, dazu so ein schwarzes Getr\u00e4nk sah aus wie Kaffee. Und schon ziehen wie die Steigeisen an die bevorstehende Route f\u00fchrt gleich hinter der H\u00fctte auf den Gletscher.<\/p>\n\n\n\n<p class=\"wp-block-paragraph\">Stirnlampe montiert und schon marschieren wir los, die relativ hohen Temperaturen bereits mitten in der Nacht verlangen ein z\u00fcgiges Tempo. So richtig wach bin ich noch nicht wirklich aber schon ganz flott unterwegs. Nach wenigen hundert Metern Gletscher unter den F\u00fcssen dann das Adrenalin das ich zum wach werden brauchte. Unter meinen F\u00fcssen war pl\u00f6tzlich gar nichts mehr, zu das Loch unter mir war so schwarz wie die Nacht, meine Beine baumelten gerade in einer tiefen Spalte. Nun war ich definitiv wach, Peter mein Bergf\u00fchrer hatte die Situation aber jederzeit im Griff und weiter ging die Tour im ewigen Eis zwischen Wildi Frau und Ufem Stock \u00fcber einen Sattel zwischen den Punkten 3002 und 3002. Die Route ist bisher nur eher leicht ansteigend bzw. teilweise flach. Der Aufstieg zum Rothornsattel 3177 jedoch ist dann sehr steil und anspruchsvoll. Von hier geht es anschliessend im Fels und Schnee dem Gipfelgrat folgend auf das Bl\u00fcemlisalphorn 3661 M.\u00fc.M. welches wir schon um ca. 06.30 Uhr erreichen.<\/p>\n\n\n\n<p class=\"wp-block-paragraph\">Die Abstiegsroute f\u00fchrt uns zuerst auf derselben Route zur\u00fcck auf den Gletscher, Peter entscheidet sich dann f\u00fcr die Route zwischen Bl\u00fcemlisalp Rothorn und Ufem Stock \u00fcber den stark zerkl\u00fcfteten Gletscher, eine spannende Route mit vielen Spalten die jedoch teilweise gut sichtbar waren. Bei der Bl\u00fcemlisalph\u00fctte trennten sich dann unsere Wege, Peter stieg wider zur Bundl\u00e4ger Sennh\u00fctte ab w\u00e4hrend ich die Route vorbei am Oeschinensee Richtung Kandersteg w\u00e4hlte. <\/p>\n\n\n\n<p class=\"wp-block-paragraph\"><a rel=\"noreferrer noopener\" href=\"https:\/\/map.geo.admin.ch\/?lang=de&amp;topic=ech&amp;bgLayer=ch.swisstopo.pixelkarte-farbe&amp;layers=ch.swisstopo.zeitreihen,ch.bfs.gebaeude_wohnungs_register,ch.bav.haltestellen-oev,ch.swisstopo.swisstlm3d-wanderwege&amp;layers_visibility=false,false,false,false&amp;layers_timestamp=18641231,,,&amp;layers_opacity=1,1,1,0.8&amp;E=2625805.87&amp;N=1151579.17&amp;zoom=7\" target=\"_blank\">Kartenausschnitt Schweizerisch<\/a><a href=\"https:\/\/map.geo.admin.ch\/?lang=de&amp;topic=ech&amp;bgLayer=ch.swisstopo.pixelkarte-farbe&amp;layers=ch.swisstopo.zeitreihen,ch.bfs.gebaeude_wohnungs_register,ch.bav.haltestellen-oev,ch.swisstopo.swisstlm3d-wanderwege&amp;layers_visibility=false,false,false,false&amp;layers_timestamp=18641231,,,&amp;layers_opacity=1,1,1,0.8&amp;E=2625805.87&amp;N=1151579.17&amp;zoom=7\" target=\"_blank\" rel=\"noreferrer noopener\">e<\/a><a rel=\"noreferrer noopener\" href=\"https:\/\/map.geo.admin.ch\/?lang=de&amp;topic=ech&amp;bgLayer=ch.swisstopo.pixelkarte-farbe&amp;layers=ch.swisstopo.zeitreihen,ch.bfs.gebaeude_wohnungs_register,ch.bav.haltestellen-oev,ch.swisstopo.swisstlm3d-wanderwege&amp;layers_visibility=false,false,false,false&amp;layers_timestamp=18641231,,,&amp;layers_opacity=1,1,1,0.8&amp;E=2625805.87&amp;N=1151579.17&amp;zoom=7\" target=\"_blank\"> Eidgenossenschaft<\/a><\/p>\n\n\n<div class=\"pgc-sgb-cb wp-block-pgcsimplygalleryblock-slider \" data-gallery-id=\"5d682261\"style=&quot;min-height:300px&quot;><div class=\"sgb-preloader\" id=\"pr_5d682261\">\n\t<div class=\"sgb-square\" style=\"background:#d4d4d4\"><\/div>\n\t<div class=\"sgb-square\" style=\"background:#d4d4d4\"><\/div>\n\t<div class=\"sgb-square\" style=\"background:#d4d4d4\"><\/div>\n\t<div class=\"sgb-square\" style=\"background:#d4d4d4\"><\/div><\/div><div class=\"simply-gallery-amp pgc_sgb_slider \"><noscript><div class=\"sgb-gallery\"><div class=\"sgb-item\"><a href=\"https:\/\/bindschi.ch\/index.php\/blueemlisaplhorn\/blueemlisalphorn-1\/\" target=\"_blank\"><img decoding=\"async\" alt=\"\" width=\"300\" height=\"225\" loading=\"lazy\" src=\"https:\/\/bindschi.ch\/wp-content\/uploads\/2021\/09\/Blueemlisalphorn-1-300x225.jpg\" srcset=\"https:\/\/bindschi.ch\/wp-content\/uploads\/2021\/09\/Blueemlisalphorn-1-300x225.jpg 300w,https:\/\/bindschi.ch\/wp-content\/uploads\/2021\/09\/Blueemlisalphorn-1-1024x768.jpg 1024w,https:\/\/bindschi.ch\/wp-content\/uploads\/2021\/09\/Blueemlisalphorn-1-scaled.jpg 2560w\" sizes=\"auto, 250px\"\/><\/a><\/div><div class=\"sgb-item\"><a href=\"https:\/\/bindschi.ch\/index.php\/blueemlisaplhorn\/blueemlisalphorn-2\/\" target=\"_blank\"><img decoding=\"async\" alt=\"\" width=\"300\" height=\"225\" loading=\"lazy\" src=\"https:\/\/bindschi.ch\/wp-content\/uploads\/2021\/09\/Blueemlisalphorn-2-300x225.jpg\" srcset=\"https:\/\/bindschi.ch\/wp-content\/uploads\/2021\/09\/Blueemlisalphorn-2-300x225.jpg 300w,https:\/\/bindschi.ch\/wp-content\/uploads\/2021\/09\/Blueemlisalphorn-2-1024x768.jpg 1024w,https:\/\/bindschi.ch\/wp-content\/uploads\/2021\/09\/Blueemlisalphorn-2-scaled.jpg 2560w\" sizes=\"auto, 250px\"\/><\/a><\/div><div class=\"sgb-item\"><a href=\"https:\/\/bindschi.ch\/index.php\/blueemlisaplhorn\/blueemlisalphorn-3\/\" target=\"_blank\"><img decoding=\"async\" alt=\"\" width=\"300\" height=\"225\" loading=\"lazy\" src=\"https:\/\/bindschi.ch\/wp-content\/uploads\/2021\/09\/Blueemlisalphorn-3-300x225.jpg\" srcset=\"https:\/\/bindschi.ch\/wp-content\/uploads\/2021\/09\/Blueemlisalphorn-3-300x225.jpg 300w,https:\/\/bindschi.ch\/wp-content\/uploads\/2021\/09\/Blueemlisalphorn-3-1024x768.jpg 1024w,https:\/\/bindschi.ch\/wp-content\/uploads\/2021\/09\/Blueemlisalphorn-3-scaled.jpg 2560w\" sizes=\"auto, 250px\"\/><\/a><\/div><div class=\"sgb-item\"><a href=\"https:\/\/bindschi.ch\/index.php\/blueemlisaplhorn\/blueemlisalphorn-4\/\" target=\"_blank\"><img decoding=\"async\" alt=\"\" width=\"300\" height=\"225\" loading=\"lazy\" src=\"https:\/\/bindschi.ch\/wp-content\/uploads\/2021\/09\/Blueemlisalphorn-4-300x225.jpg\" srcset=\"https:\/\/bindschi.ch\/wp-content\/uploads\/2021\/09\/Blueemlisalphorn-4-300x225.jpg 300w,https:\/\/bindschi.ch\/wp-content\/uploads\/2021\/09\/Blueemlisalphorn-4-1024x768.jpg 1024w,https:\/\/bindschi.ch\/wp-content\/uploads\/2021\/09\/Blueemlisalphorn-4-scaled.jpg 2560w\" sizes=\"auto, 250px\"\/><\/a><\/div><div class=\"sgb-item\"><a href=\"https:\/\/bindschi.ch\/index.php\/blueemlisaplhorn\/blueemlisalphorn-5\/\" target=\"_blank\"><img decoding=\"async\" alt=\"\" width=\"300\" height=\"225\" loading=\"lazy\" src=\"https:\/\/bindschi.ch\/wp-content\/uploads\/2021\/09\/Blueemlisalphorn-5-300x225.jpg\" srcset=\"https:\/\/bindschi.ch\/wp-content\/uploads\/2021\/09\/Blueemlisalphorn-5-300x225.jpg 300w,https:\/\/bindschi.ch\/wp-content\/uploads\/2021\/09\/Blueemlisalphorn-5-1024x768.jpg 1024w,https:\/\/bindschi.ch\/wp-content\/uploads\/2021\/09\/Blueemlisalphorn-5-scaled.jpg 2560w\" sizes=\"auto, 250px\"\/><\/a><\/div><div class=\"sgb-item\"><a href=\"https:\/\/bindschi.ch\/index.php\/blueemlisaplhorn\/blueemlisalphorn-6\/\" target=\"_blank\"><img decoding=\"async\" alt=\"\" width=\"300\" height=\"225\" loading=\"lazy\" src=\"https:\/\/bindschi.ch\/wp-content\/uploads\/2021\/09\/Blueemlisalphorn-6-300x225.jpg\" srcset=\"https:\/\/bindschi.ch\/wp-content\/uploads\/2021\/09\/Blueemlisalphorn-6-300x225.jpg 300w,https:\/\/bindschi.ch\/wp-content\/uploads\/2021\/09\/Blueemlisalphorn-6-1024x768.jpg 1024w,https:\/\/bindschi.ch\/wp-content\/uploads\/2021\/09\/Blueemlisalphorn-6-scaled.jpg 2560w\" sizes=\"auto, 250px\"\/><\/a><\/div><div class=\"sgb-item\"><a href=\"https:\/\/bindschi.ch\/index.php\/blueemlisaplhorn\/blueemlisalphorn-7\/\" target=\"_blank\"><img decoding=\"async\" alt=\"\" width=\"300\" height=\"225\" loading=\"lazy\" src=\"https:\/\/bindschi.ch\/wp-content\/uploads\/2021\/09\/Blueemlisalphorn-7-300x225.jpg\" srcset=\"https:\/\/bindschi.ch\/wp-content\/uploads\/2021\/09\/Blueemlisalphorn-7-300x225.jpg 300w,https:\/\/bindschi.ch\/wp-content\/uploads\/2021\/09\/Blueemlisalphorn-7-1024x768.jpg 1024w,https:\/\/bindschi.ch\/wp-content\/uploads\/2021\/09\/Blueemlisalphorn-7-scaled.jpg 2560w\" sizes=\"auto, 250px\"\/><\/a><\/div><div class=\"sgb-item\"><a href=\"https:\/\/bindschi.ch\/index.php\/blueemlisaplhorn\/blueemlisalphorn-8\/\" target=\"_blank\"><img decoding=\"async\" alt=\"\" width=\"300\" height=\"225\" loading=\"lazy\" src=\"https:\/\/bindschi.ch\/wp-content\/uploads\/2021\/09\/Blueemlisalphorn-8-300x225.jpg\" srcset=\"https:\/\/bindschi.ch\/wp-content\/uploads\/2021\/09\/Blueemlisalphorn-8-300x225.jpg 300w,https:\/\/bindschi.ch\/wp-content\/uploads\/2021\/09\/Blueemlisalphorn-8-1024x768.jpg 1024w,https:\/\/bindschi.ch\/wp-content\/uploads\/2021\/09\/Blueemlisalphorn-8-scaled.jpg 2560w\" sizes=\"auto, 250px\"\/><\/a><\/div><div class=\"sgb-item\"><a href=\"https:\/\/bindschi.ch\/index.php\/blueemlisaplhorn\/blueemlisalphorn-9\/\" target=\"_blank\"><img decoding=\"async\" alt=\"\" width=\"300\" height=\"225\" loading=\"lazy\" src=\"https:\/\/bindschi.ch\/wp-content\/uploads\/2021\/09\/Blueemlisalphorn-9-300x225.jpg\" srcset=\"https:\/\/bindschi.ch\/wp-content\/uploads\/2021\/09\/Blueemlisalphorn-9-300x225.jpg 300w,https:\/\/bindschi.ch\/wp-content\/uploads\/2021\/09\/Blueemlisalphorn-9-1024x768.jpg 1024w,https:\/\/bindschi.ch\/wp-content\/uploads\/2021\/09\/Blueemlisalphorn-9-scaled.jpg 2560w\" sizes=\"auto, 250px\"\/><\/a><\/div><div class=\"sgb-item\"><a href=\"https:\/\/bindschi.ch\/index.php\/blueemlisaplhorn\/blueemlisalphorn-10\/\" target=\"_blank\"><img decoding=\"async\" alt=\"\" width=\"300\" height=\"225\" loading=\"lazy\" src=\"https:\/\/bindschi.ch\/wp-content\/uploads\/2021\/09\/Blueemlisalphorn-10-300x225.jpg\" srcset=\"https:\/\/bindschi.ch\/wp-content\/uploads\/2021\/09\/Blueemlisalphorn-10-300x225.jpg 300w,https:\/\/bindschi.ch\/wp-content\/uploads\/2021\/09\/Blueemlisalphorn-10-1024x768.jpg 1024w,https:\/\/bindschi.ch\/wp-content\/uploads\/2021\/09\/Blueemlisalphorn-10-scaled.jpg 2560w\" sizes=\"auto, 250px\"\/><\/a><\/div><div class=\"sgb-item\"><a href=\"https:\/\/bindschi.ch\/index.php\/blueemlisaplhorn\/blueemlisalphorn-11\/\" target=\"_blank\"><img decoding=\"async\" alt=\"\" width=\"300\" height=\"225\" loading=\"lazy\" src=\"https:\/\/bindschi.ch\/wp-content\/uploads\/2021\/09\/Blueemlisalphorn-11-300x225.jpg\" srcset=\"https:\/\/bindschi.ch\/wp-content\/uploads\/2021\/09\/Blueemlisalphorn-11-300x225.jpg 300w,https:\/\/bindschi.ch\/wp-content\/uploads\/2021\/09\/Blueemlisalphorn-11-1024x768.jpg 1024w,https:\/\/bindschi.ch\/wp-content\/uploads\/2021\/09\/Blueemlisalphorn-11-scaled.jpg 2560w\" sizes=\"auto, 250px\"\/><\/a><\/div><div class=\"sgb-item\"><a href=\"https:\/\/bindschi.ch\/index.php\/blueemlisaplhorn\/blueemlisalphorn-12\/\" target=\"_blank\"><img decoding=\"async\" alt=\"\" width=\"300\" height=\"225\" loading=\"lazy\" src=\"https:\/\/bindschi.ch\/wp-content\/uploads\/2021\/09\/Blueemlisalphorn-12-300x225.jpg\" srcset=\"https:\/\/bindschi.ch\/wp-content\/uploads\/2021\/09\/Blueemlisalphorn-12-300x225.jpg 300w,https:\/\/bindschi.ch\/wp-content\/uploads\/2021\/09\/Blueemlisalphorn-12-1024x768.jpg 1024w,https:\/\/bindschi.ch\/wp-content\/uploads\/2021\/09\/Blueemlisalphorn-12-scaled.jpg 2560w\" sizes=\"auto, 250px\"\/><\/a><\/div><div class=\"sgb-item\"><a href=\"https:\/\/bindschi.ch\/index.php\/blueemlisaplhorn\/blueemlisalphorn-13\/\" target=\"_blank\"><img decoding=\"async\" alt=\"\" width=\"300\" height=\"225\" loading=\"lazy\" src=\"https:\/\/bindschi.ch\/wp-content\/uploads\/2021\/09\/Blueemlisalphorn-13-300x225.jpg\" srcset=\"https:\/\/bindschi.ch\/wp-content\/uploads\/2021\/09\/Blueemlisalphorn-13-300x225.jpg 300w,https:\/\/bindschi.ch\/wp-content\/uploads\/2021\/09\/Blueemlisalphorn-13-1024x768.jpg 1024w,https:\/\/bindschi.ch\/wp-content\/uploads\/2021\/09\/Blueemlisalphorn-13-scaled.jpg 2560w\" sizes=\"auto, 250px\"\/><\/a><\/div><div class=\"sgb-item\"><a href=\"https:\/\/bindschi.ch\/index.php\/blueemlisaplhorn\/blueemlisalphorn-14\/\" target=\"_blank\"><img decoding=\"async\" alt=\"\" width=\"300\" height=\"225\" loading=\"lazy\" src=\"https:\/\/bindschi.ch\/wp-content\/uploads\/2021\/09\/Blueemlisalphorn-14-300x225.jpg\" srcset=\"https:\/\/bindschi.ch\/wp-content\/uploads\/2021\/09\/Blueemlisalphorn-14-300x225.jpg 300w,https:\/\/bindschi.ch\/wp-content\/uploads\/2021\/09\/Blueemlisalphorn-14-1024x768.jpg 1024w,https:\/\/bindschi.ch\/wp-content\/uploads\/2021\/09\/Blueemlisalphorn-14-scaled.jpg 2560w\" sizes=\"auto, 250px\"\/><\/a><\/div><div class=\"sgb-item\"><a href=\"https:\/\/bindschi.ch\/index.php\/blueemlisaplhorn\/blueemlisalphorn-15\/\" target=\"_blank\"><img decoding=\"async\" alt=\"\" width=\"300\" height=\"225\" loading=\"lazy\" src=\"https:\/\/bindschi.ch\/wp-content\/uploads\/2021\/09\/Blueemlisalphorn-15-300x225.jpg\" srcset=\"https:\/\/bindschi.ch\/wp-content\/uploads\/2021\/09\/Blueemlisalphorn-15-300x225.jpg 300w,https:\/\/bindschi.ch\/wp-content\/uploads\/2021\/09\/Blueemlisalphorn-15-1024x768.jpg 1024w,https:\/\/bindschi.ch\/wp-content\/uploads\/2021\/09\/Blueemlisalphorn-15-scaled.jpg 2560w\" sizes=\"auto, 250px\"\/><\/a><\/div><div class=\"sgb-item\"><a href=\"https:\/\/bindschi.ch\/index.php\/blueemlisaplhorn\/blueemlisalphorn-16\/\" target=\"_blank\"><img decoding=\"async\" alt=\"\" width=\"300\" height=\"225\" loading=\"lazy\" src=\"https:\/\/bindschi.ch\/wp-content\/uploads\/2021\/09\/Blueemlisalphorn-16-300x225.jpg\" srcset=\"https:\/\/bindschi.ch\/wp-content\/uploads\/2021\/09\/Blueemlisalphorn-16-300x225.jpg 300w,https:\/\/bindschi.ch\/wp-content\/uploads\/2021\/09\/Blueemlisalphorn-16-1024x768.jpg 1024w,https:\/\/bindschi.ch\/wp-content\/uploads\/2021\/09\/Blueemlisalphorn-16-scaled.jpg 2560w\" sizes=\"auto, 250px\"\/><\/a><\/div><div class=\"sgb-item\"><a href=\"https:\/\/bindschi.ch\/index.php\/blueemlisaplhorn\/blueemlisalphorn-17\/\" target=\"_blank\"><img decoding=\"async\" alt=\"\" width=\"300\" height=\"225\" loading=\"lazy\" src=\"https:\/\/bindschi.ch\/wp-content\/uploads\/2021\/09\/Blueemlisalphorn-17-300x225.jpg\" srcset=\"https:\/\/bindschi.ch\/wp-content\/uploads\/2021\/09\/Blueemlisalphorn-17-300x225.jpg 300w,https:\/\/bindschi.ch\/wp-content\/uploads\/2021\/09\/Blueemlisalphorn-17-1024x768.jpg 1024w,https:\/\/bindschi.ch\/wp-content\/uploads\/2021\/09\/Blueemlisalphorn-17-scaled.jpg 2560w\" sizes=\"auto, 250px\"\/><\/a><\/div><div class=\"sgb-item\"><a href=\"https:\/\/bindschi.ch\/index.php\/blueemlisaplhorn\/blueemlisalphorn-18\/\" target=\"_blank\"><img decoding=\"async\" alt=\"\" width=\"300\" height=\"225\" loading=\"lazy\" src=\"https:\/\/bindschi.ch\/wp-content\/uploads\/2021\/09\/Blueemlisalphorn-18-300x225.jpg\" srcset=\"https:\/\/bindschi.ch\/wp-content\/uploads\/2021\/09\/Blueemlisalphorn-18-300x225.jpg 300w,https:\/\/bindschi.ch\/wp-content\/uploads\/2021\/09\/Blueemlisalphorn-18-1024x768.jpg 1024w,https:\/\/bindschi.ch\/wp-content\/uploads\/2021\/09\/Blueemlisalphorn-18-scaled.jpg 2560w\" sizes=\"auto, 250px\"\/><\/a><\/div><div class=\"sgb-item\"><a href=\"https:\/\/bindschi.ch\/index.php\/blueemlisaplhorn\/blueemlisalphorn-19\/\" target=\"_blank\"><img decoding=\"async\" alt=\"\" width=\"300\" height=\"225\" loading=\"lazy\" src=\"https:\/\/bindschi.ch\/wp-content\/uploads\/2021\/09\/Blueemlisalphorn-19-300x225.jpg\" srcset=\"https:\/\/bindschi.ch\/wp-content\/uploads\/2021\/09\/Blueemlisalphorn-19-300x225.jpg 300w,https:\/\/bindschi.ch\/wp-content\/uploads\/2021\/09\/Blueemlisalphorn-19-1024x768.jpg 1024w,https:\/\/bindschi.ch\/wp-content\/uploads\/2021\/09\/Blueemlisalphorn-19-scaled.jpg 2560w\" sizes=\"auto, 250px\"\/><\/a><\/div><div class=\"sgb-item\"><a href=\"https:\/\/bindschi.ch\/index.php\/blueemlisaplhorn\/blueemlisalphorn-20\/\" target=\"_blank\"><img decoding=\"async\" alt=\"\" width=\"300\" height=\"225\" loading=\"lazy\" src=\"https:\/\/bindschi.ch\/wp-content\/uploads\/2021\/09\/Blueemlisalphorn-20-300x225.jpg\" srcset=\"https:\/\/bindschi.ch\/wp-content\/uploads\/2021\/09\/Blueemlisalphorn-20-300x225.jpg 300w,https:\/\/bindschi.ch\/wp-content\/uploads\/2021\/09\/Blueemlisalphorn-20-1024x768.jpg 1024w,https:\/\/bindschi.ch\/wp-content\/uploads\/2021\/09\/Blueemlisalphorn-20-scaled.jpg 2560w\" sizes=\"auto, 250px\"\/><\/a><\/div><div class=\"sgb-item\"><a href=\"https:\/\/bindschi.ch\/index.php\/blueemlisaplhorn\/blueemlisalphorn-21\/\" target=\"_blank\"><img decoding=\"async\" alt=\"\" width=\"300\" height=\"225\" loading=\"lazy\" src=\"https:\/\/bindschi.ch\/wp-content\/uploads\/2021\/09\/Blueemlisalphorn-21-300x225.jpg\" srcset=\"https:\/\/bindschi.ch\/wp-content\/uploads\/2021\/09\/Blueemlisalphorn-21-300x225.jpg 300w,https:\/\/bindschi.ch\/wp-content\/uploads\/2021\/09\/Blueemlisalphorn-21-1024x768.jpg 1024w,https:\/\/bindschi.ch\/wp-content\/uploads\/2021\/09\/Blueemlisalphorn-21-scaled.jpg 2560w\" sizes=\"auto, 250px\"\/><\/a><\/div><div class=\"sgb-item\"><a href=\"https:\/\/bindschi.ch\/index.php\/blueemlisaplhorn\/blueemlisalphorn-22\/\" target=\"_blank\"><img decoding=\"async\" alt=\"\" width=\"300\" height=\"225\" loading=\"lazy\" src=\"https:\/\/bindschi.ch\/wp-content\/uploads\/2021\/09\/Blueemlisalphorn-22-300x225.jpg\" srcset=\"https:\/\/bindschi.ch\/wp-content\/uploads\/2021\/09\/Blueemlisalphorn-22-300x225.jpg 300w,https:\/\/bindschi.ch\/wp-content\/uploads\/2021\/09\/Blueemlisalphorn-22-1024x768.jpg 1024w,https:\/\/bindschi.ch\/wp-content\/uploads\/2021\/09\/Blueemlisalphorn-22-scaled.jpg 2560w\" sizes=\"auto, 250px\"\/><\/a><\/div><div class=\"sgb-item\"><a href=\"https:\/\/bindschi.ch\/index.php\/blueemlisaplhorn\/blueemlisalphorn-23\/\" target=\"_blank\"><img decoding=\"async\" alt=\"\" width=\"300\" height=\"225\" loading=\"lazy\" src=\"https:\/\/bindschi.ch\/wp-content\/uploads\/2021\/09\/Blueemlisalphorn-23-300x225.jpg\" srcset=\"https:\/\/bindschi.ch\/wp-content\/uploads\/2021\/09\/Blueemlisalphorn-23-300x225.jpg 300w,https:\/\/bindschi.ch\/wp-content\/uploads\/2021\/09\/Blueemlisalphorn-23-1024x768.jpg 1024w,https:\/\/bindschi.ch\/wp-content\/uploads\/2021\/09\/Blueemlisalphorn-23-scaled.jpg 2560w\" sizes=\"auto, 250px\"\/><\/a><\/div><div class=\"sgb-item\"><a href=\"https:\/\/bindschi.ch\/index.php\/blueemlisaplhorn\/blueemlisalphorn-24\/\" target=\"_blank\"><img decoding=\"async\" alt=\"\" width=\"300\" height=\"225\" loading=\"lazy\" src=\"https:\/\/bindschi.ch\/wp-content\/uploads\/2021\/09\/Blueemlisalphorn-24-300x225.jpg\" srcset=\"https:\/\/bindschi.ch\/wp-content\/uploads\/2021\/09\/Blueemlisalphorn-24-300x225.jpg 300w,https:\/\/bindschi.ch\/wp-content\/uploads\/2021\/09\/Blueemlisalphorn-24-1024x768.jpg 1024w,https:\/\/bindschi.ch\/wp-content\/uploads\/2021\/09\/Blueemlisalphorn-24-scaled.jpg 2560w\" sizes=\"auto, 250px\"\/><\/a><\/div><div class=\"sgb-item\"><a href=\"https:\/\/bindschi.ch\/index.php\/blueemlisaplhorn\/blueemlisalphorn-25\/\" target=\"_blank\"><img decoding=\"async\" alt=\"\" width=\"300\" height=\"225\" loading=\"lazy\" src=\"https:\/\/bindschi.ch\/wp-content\/uploads\/2021\/09\/Blueemlisalphorn-25-300x225.jpg\" srcset=\"https:\/\/bindschi.ch\/wp-content\/uploads\/2021\/09\/Blueemlisalphorn-25-300x225.jpg 300w,https:\/\/bindschi.ch\/wp-content\/uploads\/2021\/09\/Blueemlisalphorn-25-1024x768.jpg 1024w,https:\/\/bindschi.ch\/wp-content\/uploads\/2021\/09\/Blueemlisalphorn-25-scaled.jpg 2560w\" sizes=\"auto, 250px\"\/><\/a><\/div><div class=\"sgb-item\"><a href=\"https:\/\/bindschi.ch\/index.php\/blueemlisaplhorn\/blueemlisalphorn-26\/\" target=\"_blank\"><img decoding=\"async\" alt=\"\" width=\"300\" height=\"225\" loading=\"lazy\" src=\"https:\/\/bindschi.ch\/wp-content\/uploads\/2021\/09\/Blueemlisalphorn-26-300x225.jpg\" srcset=\"https:\/\/bindschi.ch\/wp-content\/uploads\/2021\/09\/Blueemlisalphorn-26-300x225.jpg 300w,https:\/\/bindschi.ch\/wp-content\/uploads\/2021\/09\/Blueemlisalphorn-26-1024x768.jpg 1024w,https:\/\/bindschi.ch\/wp-content\/uploads\/2021\/09\/Blueemlisalphorn-26-scaled.jpg 2560w\" sizes=\"auto, 250px\"\/><\/a><\/div><div class=\"sgb-item\"><a href=\"https:\/\/bindschi.ch\/index.php\/blueemlisaplhorn\/blueemlisalphorn-27\/\" target=\"_blank\"><img decoding=\"async\" alt=\"\" width=\"300\" height=\"225\" loading=\"lazy\" src=\"https:\/\/bindschi.ch\/wp-content\/uploads\/2021\/09\/Blueemlisalphorn-27-300x225.jpg\" srcset=\"https:\/\/bindschi.ch\/wp-content\/uploads\/2021\/09\/Blueemlisalphorn-27-300x225.jpg 300w,https:\/\/bindschi.ch\/wp-content\/uploads\/2021\/09\/Blueemlisalphorn-27-1024x768.jpg 1024w,https:\/\/bindschi.ch\/wp-content\/uploads\/2021\/09\/Blueemlisalphorn-27-scaled.jpg 2560w\" sizes=\"auto, 250px\"\/><\/a><\/div><div class=\"sgb-item\"><a href=\"https:\/\/bindschi.ch\/index.php\/blueemlisaplhorn\/blueemlisalphorn-28\/\" target=\"_blank\"><img decoding=\"async\" alt=\"\" width=\"300\" height=\"225\" loading=\"lazy\" src=\"https:\/\/bindschi.ch\/wp-content\/uploads\/2021\/09\/Blueemlisalphorn-28-300x225.jpg\" srcset=\"https:\/\/bindschi.ch\/wp-content\/uploads\/2021\/09\/Blueemlisalphorn-28-300x225.jpg 300w,https:\/\/bindschi.ch\/wp-content\/uploads\/2021\/09\/Blueemlisalphorn-28-1024x768.jpg 1024w,https:\/\/bindschi.ch\/wp-content\/uploads\/2021\/09\/Blueemlisalphorn-28-scaled.jpg 2560w\" sizes=\"auto, 250px\"\/><\/a><\/div><div class=\"sgb-item\"><a href=\"https:\/\/bindschi.ch\/index.php\/blueemlisaplhorn\/blueemlisalphorn-29\/\" target=\"_blank\"><img decoding=\"async\" alt=\"\" width=\"300\" height=\"225\" loading=\"lazy\" src=\"https:\/\/bindschi.ch\/wp-content\/uploads\/2021\/09\/Blueemlisalphorn-29-300x225.jpg\" srcset=\"https:\/\/bindschi.ch\/wp-content\/uploads\/2021\/09\/Blueemlisalphorn-29-300x225.jpg 300w,https:\/\/bindschi.ch\/wp-content\/uploads\/2021\/09\/Blueemlisalphorn-29-1024x768.jpg 1024w,https:\/\/bindschi.ch\/wp-content\/uploads\/2021\/09\/Blueemlisalphorn-29-scaled.jpg 2560w\" sizes=\"auto, 250px\"\/><\/a><\/div><div class=\"sgb-item\"><a href=\"https:\/\/bindschi.ch\/index.php\/blueemlisaplhorn\/blueemlisalphorn-30\/\" target=\"_blank\"><img decoding=\"async\" alt=\"\" width=\"300\" height=\"225\" loading=\"lazy\" src=\"https:\/\/bindschi.ch\/wp-content\/uploads\/2021\/09\/Blueemlisalphorn-30-300x225.jpg\" srcset=\"https:\/\/bindschi.ch\/wp-content\/uploads\/2021\/09\/Blueemlisalphorn-30-300x225.jpg 300w,https:\/\/bindschi.ch\/wp-content\/uploads\/2021\/09\/Blueemlisalphorn-30-1024x768.jpg 1024w,https:\/\/bindschi.ch\/wp-content\/uploads\/2021\/09\/Blueemlisalphorn-30-scaled.jpg 2560w\" sizes=\"auto, 250px\"\/><\/a><\/div><div class=\"sgb-item\"><a href=\"https:\/\/bindschi.ch\/index.php\/blueemlisaplhorn\/blueemlisalphorn-31\/\" target=\"_blank\"><img decoding=\"async\" alt=\"\" width=\"300\" height=\"225\" loading=\"lazy\" src=\"https:\/\/bindschi.ch\/wp-content\/uploads\/2021\/09\/Blueemlisalphorn-31-300x225.jpg\" srcset=\"https:\/\/bindschi.ch\/wp-content\/uploads\/2021\/09\/Blueemlisalphorn-31-300x225.jpg 300w,https:\/\/bindschi.ch\/wp-content\/uploads\/2021\/09\/Blueemlisalphorn-31-1024x768.jpg 1024w,https:\/\/bindschi.ch\/wp-content\/uploads\/2021\/09\/Blueemlisalphorn-31-scaled.jpg 2560w\" sizes=\"auto, 250px\"\/><\/a><\/div><div class=\"sgb-item\"><a href=\"https:\/\/bindschi.ch\/index.php\/blueemlisaplhorn\/blueemlisalphorn-32\/\" target=\"_blank\"><img decoding=\"async\" alt=\"\" width=\"300\" height=\"225\" loading=\"lazy\" src=\"https:\/\/bindschi.ch\/wp-content\/uploads\/2021\/09\/Blueemlisalphorn-32-300x225.jpg\" srcset=\"https:\/\/bindschi.ch\/wp-content\/uploads\/2021\/09\/Blueemlisalphorn-32-300x225.jpg 300w,https:\/\/bindschi.ch\/wp-content\/uploads\/2021\/09\/Blueemlisalphorn-32-1024x768.jpg 1024w,https:\/\/bindschi.ch\/wp-content\/uploads\/2021\/09\/Blueemlisalphorn-32-scaled.jpg 2560w\" sizes=\"auto, 250px\"\/><\/a><\/div><div class=\"sgb-item\"><a href=\"https:\/\/bindschi.ch\/index.php\/blueemlisaplhorn\/blueemlisalphorn-33\/\" target=\"_blank\"><img decoding=\"async\" alt=\"\" width=\"225\" height=\"300\" loading=\"lazy\" src=\"https:\/\/bindschi.ch\/wp-content\/uploads\/2021\/09\/Blueemlisalphorn-33-225x300.jpg\" srcset=\"https:\/\/bindschi.ch\/wp-content\/uploads\/2021\/09\/Blueemlisalphorn-33-225x300.jpg 225w,https:\/\/bindschi.ch\/wp-content\/uploads\/2021\/09\/Blueemlisalphorn-33-768x1024.jpg 768w,https:\/\/bindschi.ch\/wp-content\/uploads\/2021\/09\/Blueemlisalphorn-33-scaled.jpg 1920w\" sizes=\"auto, 250px\"\/><\/a><\/div><div class=\"sgb-item\"><a href=\"https:\/\/bindschi.ch\/index.php\/blueemlisaplhorn\/blueemlisalphorn-34\/\" target=\"_blank\"><img decoding=\"async\" alt=\"\" width=\"300\" height=\"225\" loading=\"lazy\" src=\"https:\/\/bindschi.ch\/wp-content\/uploads\/2021\/09\/Blueemlisalphorn-34-300x225.jpg\" srcset=\"https:\/\/bindschi.ch\/wp-content\/uploads\/2021\/09\/Blueemlisalphorn-34-300x225.jpg 300w,https:\/\/bindschi.ch\/wp-content\/uploads\/2021\/09\/Blueemlisalphorn-34-1024x768.jpg 1024w,https:\/\/bindschi.ch\/wp-content\/uploads\/2021\/09\/Blueemlisalphorn-34-scaled.jpg 2560w\" sizes=\"auto, 250px\"\/><\/a><\/div><div class=\"sgb-item\"><a href=\"https:\/\/bindschi.ch\/index.php\/blueemlisaplhorn\/blueemlisalphorn-35\/\" target=\"_blank\"><img decoding=\"async\" alt=\"\" width=\"300\" height=\"225\" loading=\"lazy\" src=\"https:\/\/bindschi.ch\/wp-content\/uploads\/2021\/09\/Blueemlisalphorn-35-300x225.jpg\" srcset=\"https:\/\/bindschi.ch\/wp-content\/uploads\/2021\/09\/Blueemlisalphorn-35-300x225.jpg 300w,https:\/\/bindschi.ch\/wp-content\/uploads\/2021\/09\/Blueemlisalphorn-35-1024x768.jpg 1024w,https:\/\/bindschi.ch\/wp-content\/uploads\/2021\/09\/Blueemlisalphorn-35-scaled.jpg 2560w\" sizes=\"auto, 250px\"\/><\/a><\/div><div class=\"sgb-item\"><a href=\"https:\/\/bindschi.ch\/index.php\/blueemlisaplhorn\/blueemlisalphorn-36\/\" target=\"_blank\"><img decoding=\"async\" alt=\"\" width=\"300\" height=\"225\" loading=\"lazy\" src=\"https:\/\/bindschi.ch\/wp-content\/uploads\/2021\/09\/Blueemlisalphorn-36-300x225.jpg\" srcset=\"https:\/\/bindschi.ch\/wp-content\/uploads\/2021\/09\/Blueemlisalphorn-36-300x225.jpg 300w,https:\/\/bindschi.ch\/wp-content\/uploads\/2021\/09\/Blueemlisalphorn-36-1024x768.jpg 1024w,https:\/\/bindschi.ch\/wp-content\/uploads\/2021\/09\/Blueemlisalphorn-36-scaled.jpg 2560w\" sizes=\"auto, 250px\"\/><\/a><\/div><div class=\"sgb-item\"><a href=\"https:\/\/bindschi.ch\/index.php\/blueemlisaplhorn\/blueemlisalphorn-37\/\" target=\"_blank\"><img decoding=\"async\" alt=\"\" width=\"300\" height=\"225\" loading=\"lazy\" src=\"https:\/\/bindschi.ch\/wp-content\/uploads\/2021\/09\/Blueemlisalphorn-37-300x225.jpg\" srcset=\"https:\/\/bindschi.ch\/wp-content\/uploads\/2021\/09\/Blueemlisalphorn-37-300x225.jpg 300w,https:\/\/bindschi.ch\/wp-content\/uploads\/2021\/09\/Blueemlisalphorn-37-1024x768.jpg 1024w,https:\/\/bindschi.ch\/wp-content\/uploads\/2021\/09\/Blueemlisalphorn-37-scaled.jpg 2560w\" sizes=\"auto, 250px\"\/><\/a><\/div><div class=\"sgb-item\"><a href=\"https:\/\/bindschi.ch\/index.php\/blueemlisaplhorn\/blueemlisalphorn-38\/\" target=\"_blank\"><img decoding=\"async\" alt=\"\" width=\"300\" height=\"225\" loading=\"lazy\" src=\"https:\/\/bindschi.ch\/wp-content\/uploads\/2021\/09\/Blueemlisalphorn-38-300x225.jpg\" srcset=\"https:\/\/bindschi.ch\/wp-content\/uploads\/2021\/09\/Blueemlisalphorn-38-300x225.jpg 300w,https:\/\/bindschi.ch\/wp-content\/uploads\/2021\/09\/Blueemlisalphorn-38-1024x768.jpg 1024w,https:\/\/bindschi.ch\/wp-content\/uploads\/2021\/09\/Blueemlisalphorn-38-scaled.jpg 2560w\" sizes=\"auto, 250px\"\/><\/a><\/div><div class=\"sgb-item\"><a href=\"https:\/\/bindschi.ch\/index.php\/blueemlisaplhorn\/blueemlisalphorn-39\/\" target=\"_blank\"><img decoding=\"async\" alt=\"\" width=\"300\" height=\"225\" loading=\"lazy\" src=\"https:\/\/bindschi.ch\/wp-content\/uploads\/2021\/09\/Blueemlisalphorn-39-300x225.jpg\" srcset=\"https:\/\/bindschi.ch\/wp-content\/uploads\/2021\/09\/Blueemlisalphorn-39-300x225.jpg 300w,https:\/\/bindschi.ch\/wp-content\/uploads\/2021\/09\/Blueemlisalphorn-39-1024x768.jpg 1024w,https:\/\/bindschi.ch\/wp-content\/uploads\/2021\/09\/Blueemlisalphorn-39-scaled.jpg 2560w\" sizes=\"auto, 250px\"\/><\/a><\/div><div class=\"sgb-item\"><a href=\"https:\/\/bindschi.ch\/index.php\/blueemlisaplhorn\/blueemlisalphorn-40\/\" target=\"_blank\"><img decoding=\"async\" alt=\"\" width=\"300\" height=\"225\" loading=\"lazy\" src=\"https:\/\/bindschi.ch\/wp-content\/uploads\/2021\/09\/Blueemlisalphorn-40-300x225.jpg\" srcset=\"https:\/\/bindschi.ch\/wp-content\/uploads\/2021\/09\/Blueemlisalphorn-40-300x225.jpg 300w,https:\/\/bindschi.ch\/wp-content\/uploads\/2021\/09\/Blueemlisalphorn-40-1024x768.jpg 1024w,https:\/\/bindschi.ch\/wp-content\/uploads\/2021\/09\/Blueemlisalphorn-40-scaled.jpg 2560w\" sizes=\"auto, 250px\"\/><\/a><\/div><div class=\"sgb-item\"><a href=\"https:\/\/bindschi.ch\/index.php\/blueemlisaplhorn\/blueemlisalphorn-41\/\" target=\"_blank\"><img decoding=\"async\" alt=\"\" width=\"300\" height=\"225\" loading=\"lazy\" src=\"https:\/\/bindschi.ch\/wp-content\/uploads\/2021\/09\/Blueemlisalphorn-41-300x225.jpg\" srcset=\"https:\/\/bindschi.ch\/wp-content\/uploads\/2021\/09\/Blueemlisalphorn-41-300x225.jpg 300w,https:\/\/bindschi.ch\/wp-content\/uploads\/2021\/09\/Blueemlisalphorn-41-1024x768.jpg 1024w,https:\/\/bindschi.ch\/wp-content\/uploads\/2021\/09\/Blueemlisalphorn-41-scaled.jpg 2560w\" sizes=\"auto, 250px\"\/><\/a><\/div><div class=\"sgb-item\"><a href=\"https:\/\/bindschi.ch\/index.php\/blueemlisaplhorn\/blueemlisalphorn-42\/\" target=\"_blank\"><img decoding=\"async\" alt=\"\" width=\"300\" height=\"225\" loading=\"lazy\" src=\"https:\/\/bindschi.ch\/wp-content\/uploads\/2021\/09\/Blueemlisalphorn-42-300x225.jpg\" srcset=\"https:\/\/bindschi.ch\/wp-content\/uploads\/2021\/09\/Blueemlisalphorn-42-300x225.jpg 300w,https:\/\/bindschi.ch\/wp-content\/uploads\/2021\/09\/Blueemlisalphorn-42-1024x768.jpg 1024w,https:\/\/bindschi.ch\/wp-content\/uploads\/2021\/09\/Blueemlisalphorn-42-scaled.jpg 2560w\" sizes=\"auto, 250px\"\/><\/a><\/div><div class=\"sgb-item\"><a href=\"https:\/\/bindschi.ch\/index.php\/blueemlisaplhorn\/blueemlisalphorn-43\/\" target=\"_blank\"><img decoding=\"async\" alt=\"\" width=\"300\" height=\"225\" loading=\"lazy\" src=\"https:\/\/bindschi.ch\/wp-content\/uploads\/2021\/09\/Blueemlisalphorn-43-300x225.jpg\" srcset=\"https:\/\/bindschi.ch\/wp-content\/uploads\/2021\/09\/Blueemlisalphorn-43-300x225.jpg 300w,https:\/\/bindschi.ch\/wp-content\/uploads\/2021\/09\/Blueemlisalphorn-43-1024x768.jpg 1024w,https:\/\/bindschi.ch\/wp-content\/uploads\/2021\/09\/Blueemlisalphorn-43-scaled.jpg 2560w\" sizes=\"auto, 250px\"\/><\/a><\/div><div class=\"sgb-item\"><a href=\"https:\/\/bindschi.ch\/index.php\/blueemlisaplhorn\/blueemlisalphorn-44\/\" target=\"_blank\"><img decoding=\"async\" alt=\"\" width=\"300\" height=\"225\" loading=\"lazy\" src=\"https:\/\/bindschi.ch\/wp-content\/uploads\/2021\/09\/Blueemlisalphorn-44-300x225.jpg\" srcset=\"https:\/\/bindschi.ch\/wp-content\/uploads\/2021\/09\/Blueemlisalphorn-44-300x225.jpg 300w,https:\/\/bindschi.ch\/wp-content\/uploads\/2021\/09\/Blueemlisalphorn-44-1024x768.jpg 1024w,https:\/\/bindschi.ch\/wp-content\/uploads\/2021\/09\/Blueemlisalphorn-44-scaled.jpg 2560w\" sizes=\"auto, 250px\"\/><\/a><\/div><div class=\"sgb-item\"><a href=\"https:\/\/bindschi.ch\/index.php\/blueemlisaplhorn\/blueemlisalphorn-45\/\" target=\"_blank\"><img decoding=\"async\" alt=\"\" width=\"300\" height=\"225\" loading=\"lazy\" src=\"https:\/\/bindschi.ch\/wp-content\/uploads\/2021\/09\/Blueemlisalphorn-45-300x225.jpg\" srcset=\"https:\/\/bindschi.ch\/wp-content\/uploads\/2021\/09\/Blueemlisalphorn-45-300x225.jpg 300w,https:\/\/bindschi.ch\/wp-content\/uploads\/2021\/09\/Blueemlisalphorn-45-1024x768.jpg 1024w,https:\/\/bindschi.ch\/wp-content\/uploads\/2021\/09\/Blueemlisalphorn-45-scaled.jpg 2560w\" sizes=\"auto, 250px\"\/><\/a><\/div><div class=\"sgb-item\"><a href=\"https:\/\/bindschi.ch\/index.php\/blueemlisaplhorn\/blueemlisalphorn-46\/\" target=\"_blank\"><img decoding=\"async\" alt=\"\" width=\"300\" height=\"225\" loading=\"lazy\" src=\"https:\/\/bindschi.ch\/wp-content\/uploads\/2021\/09\/Blueemlisalphorn-46-300x225.jpg\" srcset=\"https:\/\/bindschi.ch\/wp-content\/uploads\/2021\/09\/Blueemlisalphorn-46-300x225.jpg 300w,https:\/\/bindschi.ch\/wp-content\/uploads\/2021\/09\/Blueemlisalphorn-46-1024x768.jpg 1024w,https:\/\/bindschi.ch\/wp-content\/uploads\/2021\/09\/Blueemlisalphorn-46-scaled.jpg 2560w\" sizes=\"auto, 250px\"\/><\/a><\/div><div class=\"sgb-item\"><a href=\"https:\/\/bindschi.ch\/index.php\/blueemlisaplhorn\/blueemlisalphorn-47\/\" target=\"_blank\"><img decoding=\"async\" alt=\"\" width=\"300\" height=\"225\" loading=\"lazy\" src=\"https:\/\/bindschi.ch\/wp-content\/uploads\/2021\/09\/Blueemlisalphorn-47-300x225.jpg\" srcset=\"https:\/\/bindschi.ch\/wp-content\/uploads\/2021\/09\/Blueemlisalphorn-47-300x225.jpg 300w,https:\/\/bindschi.ch\/wp-content\/uploads\/2021\/09\/Blueemlisalphorn-47-1024x768.jpg 1024w,https:\/\/bindschi.ch\/wp-content\/uploads\/2021\/09\/Blueemlisalphorn-47-scaled.jpg 2560w\" sizes=\"auto, 250px\"\/><\/a><\/div><div class=\"sgb-item\"><a href=\"https:\/\/bindschi.ch\/index.php\/blueemlisaplhorn\/blueemlisalphorn-48\/\" target=\"_blank\"><img decoding=\"async\" alt=\"\" width=\"300\" height=\"225\" loading=\"lazy\" src=\"https:\/\/bindschi.ch\/wp-content\/uploads\/2021\/09\/Blueemlisalphorn-48-300x225.jpg\" srcset=\"https:\/\/bindschi.ch\/wp-content\/uploads\/2021\/09\/Blueemlisalphorn-48-300x225.jpg 300w,https:\/\/bindschi.ch\/wp-content\/uploads\/2021\/09\/Blueemlisalphorn-48-1024x768.jpg 1024w,https:\/\/bindschi.ch\/wp-content\/uploads\/2021\/09\/Blueemlisalphorn-48-scaled.jpg 2560w\" sizes=\"auto, 250px\"\/><\/a><\/div><div class=\"sgb-item\"><a href=\"https:\/\/bindschi.ch\/index.php\/blueemlisaplhorn\/blueemlisalphorn-49\/\" target=\"_blank\"><img decoding=\"async\" alt=\"\" width=\"300\" height=\"225\" loading=\"lazy\" src=\"https:\/\/bindschi.ch\/wp-content\/uploads\/2021\/09\/Blueemlisalphorn-49-300x225.jpg\" srcset=\"https:\/\/bindschi.ch\/wp-content\/uploads\/2021\/09\/Blueemlisalphorn-49-300x225.jpg 300w,https:\/\/bindschi.ch\/wp-content\/uploads\/2021\/09\/Blueemlisalphorn-49-1024x768.jpg 1024w,https:\/\/bindschi.ch\/wp-content\/uploads\/2021\/09\/Blueemlisalphorn-49-scaled.jpg 2560w\" sizes=\"auto, 250px\"\/><\/a><\/div><\/div><\/noscript><\/div><script type=\"application\/json\" class=\"sgb-data\">{\"captionHAlign\":\"bottom\",\"collectionthumbRoundedCorners\":8,\"collectionThumbSubMenuDownload\":false,\"sliderMaxHeight\":300,\"sliderAdminWidth\":840,\"isPremium\":true,\"galleryType\":\"pgc_sgb_slider\",\"galleryId\":\"5d682261\",\"images\":[{\"id\":1981,\"title\":\"Blueemlisalphorn-1\",\"url\":\"https:\/\/bindschi.ch\/wp-content\/uploads\/2021\/09\/Blueemlisalphorn-1-scaled.jpg\",\"link\":\"https:\/\/bindschi.ch\/index.php\/blueemlisaplhorn\/blueemlisalphorn-1\/\",\"alt\":\"\",\"description\":\"\",\"caption\":\"\",\"mime\":\"image\/jpeg\",\"type\":\"image\",\"width\":2560,\"height\":1920,\"sizes\":{\"thumbnail\":{\"height\":150,\"width\":150,\"url\":\"https:\/\/bindschi.ch\/wp-content\/uploads\/2021\/09\/Blueemlisalphorn-1-150x150.jpg\",\"orientation\":\"landscape\"},\"medium\":{\"height\":225,\"width\":300,\"url\":\"https:\/\/bindschi.ch\/wp-content\/uploads\/2021\/09\/Blueemlisalphorn-1-300x225.jpg\",\"orientation\":\"landscape\"},\"large\":{\"height\":768,\"width\":1024,\"url\":\"https:\/\/bindschi.ch\/wp-content\/uploads\/2021\/09\/Blueemlisalphorn-1-1024x768.jpg\",\"orientation\":\"landscape\"},\"full\":{\"url\":\"https:\/\/bindschi.ch\/wp-content\/uploads\/2021\/09\/Blueemlisalphorn-1-scaled.jpg\",\"height\":1920,\"width\":2560,\"orientation\":\"landscape\"}},\"meta\":false,\"postlink\":\"https:\/\/bindschi.ch\/index.php\/blueemlisaplhorn\/blueemlisalphorn-1\/\"},{\"id\":1982,\"title\":\"Blueemlisalphorn-2\",\"url\":\"https:\/\/bindschi.ch\/wp-content\/uploads\/2021\/09\/Blueemlisalphorn-2-scaled.jpg\",\"link\":\"https:\/\/bindschi.ch\/index.php\/blueemlisaplhorn\/blueemlisalphorn-2\/\",\"alt\":\"\",\"description\":\"\",\"caption\":\"\",\"mime\":\"image\/jpeg\",\"type\":\"image\",\"width\":2560,\"height\":1920,\"sizes\":{\"thumbnail\":{\"height\":150,\"width\":150,\"url\":\"https:\/\/bindschi.ch\/wp-content\/uploads\/2021\/09\/Blueemlisalphorn-2-150x150.jpg\",\"orientation\":\"landscape\"},\"medium\":{\"height\":225,\"width\":300,\"url\":\"https:\/\/bindschi.ch\/wp-content\/uploads\/2021\/09\/Blueemlisalphorn-2-300x225.jpg\",\"orientation\":\"landscape\"},\"large\":{\"height\":768,\"width\":1024,\"url\":\"https:\/\/bindschi.ch\/wp-content\/uploads\/2021\/09\/Blueemlisalphorn-2-1024x768.jpg\",\"orientation\":\"landscape\"},\"full\":{\"url\":\"https:\/\/bindschi.ch\/wp-content\/uploads\/2021\/09\/Blueemlisalphorn-2-scaled.jpg\",\"height\":1920,\"width\":2560,\"orientation\":\"landscape\"}},\"meta\":false,\"postlink\":\"https:\/\/bindschi.ch\/index.php\/blueemlisaplhorn\/blueemlisalphorn-2\/\"},{\"id\":1983,\"title\":\"Blueemlisalphorn-3\",\"url\":\"https:\/\/bindschi.ch\/wp-content\/uploads\/2021\/09\/Blueemlisalphorn-3-scaled.jpg\",\"link\":\"https:\/\/bindschi.ch\/index.php\/blueemlisaplhorn\/blueemlisalphorn-3\/\",\"alt\":\"\",\"description\":\"\",\"caption\":\"\",\"mime\":\"image\/jpeg\",\"type\":\"image\",\"width\":2560,\"height\":1920,\"sizes\":{\"thumbnail\":{\"height\":150,\"width\":150,\"url\":\"https:\/\/bindschi.ch\/wp-content\/uploads\/2021\/09\/Blueemlisalphorn-3-150x150.jpg\",\"orientation\":\"landscape\"},\"medium\":{\"height\":225,\"width\":300,\"url\":\"https:\/\/bindschi.ch\/wp-content\/uploads\/2021\/09\/Blueemlisalphorn-3-300x225.jpg\",\"orientation\":\"landscape\"},\"large\":{\"height\":768,\"width\":1024,\"url\":\"https:\/\/bindschi.ch\/wp-content\/uploads\/2021\/09\/Blueemlisalphorn-3-1024x768.jpg\",\"orientation\":\"landscape\"},\"full\":{\"url\":\"https:\/\/bindschi.ch\/wp-content\/uploads\/2021\/09\/Blueemlisalphorn-3-scaled.jpg\",\"height\":1920,\"width\":2560,\"orientation\":\"landscape\"}},\"meta\":false,\"postlink\":\"https:\/\/bindschi.ch\/index.php\/blueemlisaplhorn\/blueemlisalphorn-3\/\"},{\"id\":1985,\"title\":\"Blueemlisalphorn-4\",\"url\":\"https:\/\/bindschi.ch\/wp-content\/uploads\/2021\/09\/Blueemlisalphorn-4-scaled.jpg\",\"link\":\"https:\/\/bindschi.ch\/index.php\/blueemlisaplhorn\/blueemlisalphorn-4\/\",\"alt\":\"\",\"description\":\"\",\"caption\":\"\",\"mime\":\"image\/jpeg\",\"type\":\"image\",\"width\":2560,\"height\":1920,\"sizes\":{\"thumbnail\":{\"height\":150,\"width\":150,\"url\":\"https:\/\/bindschi.ch\/wp-content\/uploads\/2021\/09\/Blueemlisalphorn-4-150x150.jpg\",\"orientation\":\"landscape\"},\"medium\":{\"height\":225,\"width\":300,\"url\":\"https:\/\/bindschi.ch\/wp-content\/uploads\/2021\/09\/Blueemlisalphorn-4-300x225.jpg\",\"orientation\":\"landscape\"},\"large\":{\"height\":768,\"width\":1024,\"url\":\"https:\/\/bindschi.ch\/wp-content\/uploads\/2021\/09\/Blueemlisalphorn-4-1024x768.jpg\",\"orientation\":\"landscape\"},\"full\":{\"url\":\"https:\/\/bindschi.ch\/wp-content\/uploads\/2021\/09\/Blueemlisalphorn-4-scaled.jpg\",\"height\":1920,\"width\":2560,\"orientation\":\"landscape\"}},\"meta\":false,\"postlink\":\"https:\/\/bindschi.ch\/index.php\/blueemlisaplhorn\/blueemlisalphorn-4\/\"},{\"id\":1986,\"title\":\"Blueemlisalphorn-5\",\"url\":\"https:\/\/bindschi.ch\/wp-content\/uploads\/2021\/09\/Blueemlisalphorn-5-scaled.jpg\",\"link\":\"https:\/\/bindschi.ch\/index.php\/blueemlisaplhorn\/blueemlisalphorn-5\/\",\"alt\":\"\",\"description\":\"\",\"caption\":\"\",\"mime\":\"image\/jpeg\",\"type\":\"image\",\"width\":2560,\"height\":1920,\"sizes\":{\"thumbnail\":{\"height\":150,\"width\":150,\"url\":\"https:\/\/bindschi.ch\/wp-content\/uploads\/2021\/09\/Blueemlisalphorn-5-150x150.jpg\",\"orientation\":\"landscape\"},\"medium\":{\"height\":225,\"width\":300,\"url\":\"https:\/\/bindschi.ch\/wp-content\/uploads\/2021\/09\/Blueemlisalphorn-5-300x225.jpg\",\"orientation\":\"landscape\"},\"large\":{\"height\":768,\"width\":1024,\"url\":\"https:\/\/bindschi.ch\/wp-content\/uploads\/2021\/09\/Blueemlisalphorn-5-1024x768.jpg\",\"orientation\":\"landscape\"},\"full\":{\"url\":\"https:\/\/bindschi.ch\/wp-content\/uploads\/2021\/09\/Blueemlisalphorn-5-scaled.jpg\",\"height\":1920,\"width\":2560,\"orientation\":\"landscape\"}},\"meta\":false,\"postlink\":\"https:\/\/bindschi.ch\/index.php\/blueemlisaplhorn\/blueemlisalphorn-5\/\"},{\"id\":1987,\"title\":\"Blueemlisalphorn-6\",\"url\":\"https:\/\/bindschi.ch\/wp-content\/uploads\/2021\/09\/Blueemlisalphorn-6-scaled.jpg\",\"link\":\"https:\/\/bindschi.ch\/index.php\/blueemlisaplhorn\/blueemlisalphorn-6\/\",\"alt\":\"\",\"description\":\"\",\"caption\":\"\",\"mime\":\"image\/jpeg\",\"type\":\"image\",\"width\":2560,\"height\":1920,\"sizes\":{\"thumbnail\":{\"height\":150,\"width\":150,\"url\":\"https:\/\/bindschi.ch\/wp-content\/uploads\/2021\/09\/Blueemlisalphorn-6-150x150.jpg\",\"orientation\":\"landscape\"},\"medium\":{\"height\":225,\"width\":300,\"url\":\"https:\/\/bindschi.ch\/wp-content\/uploads\/2021\/09\/Blueemlisalphorn-6-300x225.jpg\",\"orientation\":\"landscape\"},\"large\":{\"height\":768,\"width\":1024,\"url\":\"https:\/\/bindschi.ch\/wp-content\/uploads\/2021\/09\/Blueemlisalphorn-6-1024x768.jpg\",\"orientation\":\"landscape\"},\"full\":{\"url\":\"https:\/\/bindschi.ch\/wp-content\/uploads\/2021\/09\/Blueemlisalphorn-6-scaled.jpg\",\"height\":1920,\"width\":2560,\"orientation\":\"landscape\"}},\"meta\":false,\"postlink\":\"https:\/\/bindschi.ch\/index.php\/blueemlisaplhorn\/blueemlisalphorn-6\/\"},{\"id\":1988,\"title\":\"Blueemlisalphorn-7\",\"url\":\"https:\/\/bindschi.ch\/wp-content\/uploads\/2021\/09\/Blueemlisalphorn-7-scaled.jpg\",\"link\":\"https:\/\/bindschi.ch\/index.php\/blueemlisaplhorn\/blueemlisalphorn-7\/\",\"alt\":\"\",\"description\":\"\",\"caption\":\"\",\"mime\":\"image\/jpeg\",\"type\":\"image\",\"width\":2560,\"height\":1920,\"sizes\":{\"thumbnail\":{\"height\":150,\"width\":150,\"url\":\"https:\/\/bindschi.ch\/wp-content\/uploads\/2021\/09\/Blueemlisalphorn-7-150x150.jpg\",\"orientation\":\"landscape\"},\"medium\":{\"height\":225,\"width\":300,\"url\":\"https:\/\/bindschi.ch\/wp-content\/uploads\/2021\/09\/Blueemlisalphorn-7-300x225.jpg\",\"orientation\":\"landscape\"},\"large\":{\"height\":768,\"width\":1024,\"url\":\"https:\/\/bindschi.ch\/wp-content\/uploads\/2021\/09\/Blueemlisalphorn-7-1024x768.jpg\",\"orientation\":\"landscape\"},\"full\":{\"url\":\"https:\/\/bindschi.ch\/wp-content\/uploads\/2021\/09\/Blueemlisalphorn-7-scaled.jpg\",\"height\":1920,\"width\":2560,\"orientation\":\"landscape\"}},\"meta\":false,\"postlink\":\"https:\/\/bindschi.ch\/index.php\/blueemlisaplhorn\/blueemlisalphorn-7\/\"},{\"id\":1989,\"title\":\"Blueemlisalphorn-8\",\"url\":\"https:\/\/bindschi.ch\/wp-content\/uploads\/2021\/09\/Blueemlisalphorn-8-scaled.jpg\",\"link\":\"https:\/\/bindschi.ch\/index.php\/blueemlisaplhorn\/blueemlisalphorn-8\/\",\"alt\":\"\",\"description\":\"\",\"caption\":\"\",\"mime\":\"image\/jpeg\",\"type\":\"image\",\"width\":2560,\"height\":1920,\"sizes\":{\"thumbnail\":{\"height\":150,\"width\":150,\"url\":\"https:\/\/bindschi.ch\/wp-content\/uploads\/2021\/09\/Blueemlisalphorn-8-150x150.jpg\",\"orientation\":\"landscape\"},\"medium\":{\"height\":225,\"width\":300,\"url\":\"https:\/\/bindschi.ch\/wp-content\/uploads\/2021\/09\/Blueemlisalphorn-8-300x225.jpg\",\"orientation\":\"landscape\"},\"large\":{\"height\":768,\"width\":1024,\"url\":\"https:\/\/bindschi.ch\/wp-content\/uploads\/2021\/09\/Blueemlisalphorn-8-1024x768.jpg\",\"orientation\":\"landscape\"},\"full\":{\"url\":\"https:\/\/bindschi.ch\/wp-content\/uploads\/2021\/09\/Blueemlisalphorn-8-scaled.jpg\",\"height\":1920,\"width\":2560,\"orientation\":\"landscape\"}},\"meta\":false,\"postlink\":\"https:\/\/bindschi.ch\/index.php\/blueemlisaplhorn\/blueemlisalphorn-8\/\"},{\"id\":1990,\"title\":\"Blueemlisalphorn-9\",\"url\":\"https:\/\/bindschi.ch\/wp-content\/uploads\/2021\/09\/Blueemlisalphorn-9-scaled.jpg\",\"link\":\"https:\/\/bindschi.ch\/index.php\/blueemlisaplhorn\/blueemlisalphorn-9\/\",\"alt\":\"\",\"description\":\"\",\"caption\":\"\",\"mime\":\"image\/jpeg\",\"type\":\"image\",\"width\":2560,\"height\":1920,\"sizes\":{\"thumbnail\":{\"height\":150,\"width\":150,\"url\":\"https:\/\/bindschi.ch\/wp-content\/uploads\/2021\/09\/Blueemlisalphorn-9-150x150.jpg\",\"orientation\":\"landscape\"},\"medium\":{\"height\":225,\"width\":300,\"url\":\"https:\/\/bindschi.ch\/wp-content\/uploads\/2021\/09\/Blueemlisalphorn-9-300x225.jpg\",\"orientation\":\"landscape\"},\"large\":{\"height\":768,\"width\":1024,\"url\":\"https:\/\/bindschi.ch\/wp-content\/uploads\/2021\/09\/Blueemlisalphorn-9-1024x768.jpg\",\"orientation\":\"landscape\"},\"full\":{\"url\":\"https:\/\/bindschi.ch\/wp-content\/uploads\/2021\/09\/Blueemlisalphorn-9-scaled.jpg\",\"height\":1920,\"width\":2560,\"orientation\":\"landscape\"}},\"meta\":false,\"postlink\":\"https:\/\/bindschi.ch\/index.php\/blueemlisaplhorn\/blueemlisalphorn-9\/\"},{\"id\":1991,\"title\":\"Blueemlisalphorn-10\",\"url\":\"https:\/\/bindschi.ch\/wp-content\/uploads\/2021\/09\/Blueemlisalphorn-10-scaled.jpg\",\"link\":\"https:\/\/bindschi.ch\/index.php\/blueemlisaplhorn\/blueemlisalphorn-10\/\",\"alt\":\"\",\"description\":\"\",\"caption\":\"\",\"mime\":\"image\/jpeg\",\"type\":\"image\",\"width\":2560,\"height\":1920,\"sizes\":{\"thumbnail\":{\"height\":150,\"width\":150,\"url\":\"https:\/\/bindschi.ch\/wp-content\/uploads\/2021\/09\/Blueemlisalphorn-10-150x150.jpg\",\"orientation\":\"landscape\"},\"medium\":{\"height\":225,\"width\":300,\"url\":\"https:\/\/bindschi.ch\/wp-content\/uploads\/2021\/09\/Blueemlisalphorn-10-300x225.jpg\",\"orientation\":\"landscape\"},\"large\":{\"height\":768,\"width\":1024,\"url\":\"https:\/\/bindschi.ch\/wp-content\/uploads\/2021\/09\/Blueemlisalphorn-10-1024x768.jpg\",\"orientation\":\"landscape\"},\"full\":{\"url\":\"https:\/\/bindschi.ch\/wp-content\/uploads\/2021\/09\/Blueemlisalphorn-10-scaled.jpg\",\"height\":1920,\"width\":2560,\"orientation\":\"landscape\"}},\"meta\":false,\"postlink\":\"https:\/\/bindschi.ch\/index.php\/blueemlisaplhorn\/blueemlisalphorn-10\/\"},{\"id\":1992,\"title\":\"Blueemlisalphorn-11\",\"url\":\"https:\/\/bindschi.ch\/wp-content\/uploads\/2021\/09\/Blueemlisalphorn-11-scaled.jpg\",\"link\":\"https:\/\/bindschi.ch\/index.php\/blueemlisaplhorn\/blueemlisalphorn-11\/\",\"alt\":\"\",\"description\":\"\",\"caption\":\"\",\"mime\":\"image\/jpeg\",\"type\":\"image\",\"width\":2560,\"height\":1920,\"sizes\":{\"thumbnail\":{\"height\":150,\"width\":150,\"url\":\"https:\/\/bindschi.ch\/wp-content\/uploads\/2021\/09\/Blueemlisalphorn-11-150x150.jpg\",\"orientation\":\"landscape\"},\"medium\":{\"height\":225,\"width\":300,\"url\":\"https:\/\/bindschi.ch\/wp-content\/uploads\/2021\/09\/Blueemlisalphorn-11-300x225.jpg\",\"orientation\":\"landscape\"},\"large\":{\"height\":768,\"width\":1024,\"url\":\"https:\/\/bindschi.ch\/wp-content\/uploads\/2021\/09\/Blueemlisalphorn-11-1024x768.jpg\",\"orientation\":\"landscape\"},\"full\":{\"url\":\"https:\/\/bindschi.ch\/wp-content\/uploads\/2021\/09\/Blueemlisalphorn-11-scaled.jpg\",\"height\":1920,\"width\":2560,\"orientation\":\"landscape\"}},\"meta\":false,\"postlink\":\"https:\/\/bindschi.ch\/index.php\/blueemlisaplhorn\/blueemlisalphorn-11\/\"},{\"id\":1993,\"title\":\"Blueemlisalphorn-12\",\"url\":\"https:\/\/bindschi.ch\/wp-content\/uploads\/2021\/09\/Blueemlisalphorn-12-scaled.jpg\",\"link\":\"https:\/\/bindschi.ch\/index.php\/blueemlisaplhorn\/blueemlisalphorn-12\/\",\"alt\":\"\",\"description\":\"\",\"caption\":\"\",\"mime\":\"image\/jpeg\",\"type\":\"image\",\"width\":2560,\"height\":1920,\"sizes\":{\"thumbnail\":{\"height\":150,\"width\":150,\"url\":\"https:\/\/bindschi.ch\/wp-content\/uploads\/2021\/09\/Blueemlisalphorn-12-150x150.jpg\",\"orientation\":\"landscape\"},\"medium\":{\"height\":225,\"width\":300,\"url\":\"https:\/\/bindschi.ch\/wp-content\/uploads\/2021\/09\/Blueemlisalphorn-12-300x225.jpg\",\"orientation\":\"landscape\"},\"large\":{\"height\":768,\"width\":1024,\"url\":\"https:\/\/bindschi.ch\/wp-content\/uploads\/2021\/09\/Blueemlisalphorn-12-1024x768.jpg\",\"orientation\":\"landscape\"},\"full\":{\"url\":\"https:\/\/bindschi.ch\/wp-content\/uploads\/2021\/09\/Blueemlisalphorn-12-scaled.jpg\",\"height\":1920,\"width\":2560,\"orientation\":\"landscape\"}},\"meta\":false,\"postlink\":\"https:\/\/bindschi.ch\/index.php\/blueemlisaplhorn\/blueemlisalphorn-12\/\"},{\"id\":1994,\"title\":\"Blueemlisalphorn-13\",\"url\":\"https:\/\/bindschi.ch\/wp-content\/uploads\/2021\/09\/Blueemlisalphorn-13-scaled.jpg\",\"link\":\"https:\/\/bindschi.ch\/index.php\/blueemlisaplhorn\/blueemlisalphorn-13\/\",\"alt\":\"\",\"description\":\"\",\"caption\":\"\",\"mime\":\"image\/jpeg\",\"type\":\"image\",\"width\":2560,\"height\":1920,\"sizes\":{\"thumbnail\":{\"height\":150,\"width\":150,\"url\":\"https:\/\/bindschi.ch\/wp-content\/uploads\/2021\/09\/Blueemlisalphorn-13-150x150.jpg\",\"orientation\":\"landscape\"},\"medium\":{\"height\":225,\"width\":300,\"url\":\"https:\/\/bindschi.ch\/wp-content\/uploads\/2021\/09\/Blueemlisalphorn-13-300x225.jpg\",\"orientation\":\"landscape\"},\"large\":{\"height\":768,\"width\":1024,\"url\":\"https:\/\/bindschi.ch\/wp-content\/uploads\/2021\/09\/Blueemlisalphorn-13-1024x768.jpg\",\"orientation\":\"landscape\"},\"full\":{\"url\":\"https:\/\/bindschi.ch\/wp-content\/uploads\/2021\/09\/Blueemlisalphorn-13-scaled.jpg\",\"height\":1920,\"width\":2560,\"orientation\":\"landscape\"}},\"meta\":false,\"postlink\":\"https:\/\/bindschi.ch\/index.php\/blueemlisaplhorn\/blueemlisalphorn-13\/\"},{\"id\":1995,\"title\":\"Blueemlisalphorn-14\",\"url\":\"https:\/\/bindschi.ch\/wp-content\/uploads\/2021\/09\/Blueemlisalphorn-14-scaled.jpg\",\"link\":\"https:\/\/bindschi.ch\/index.php\/blueemlisaplhorn\/blueemlisalphorn-14\/\",\"alt\":\"\",\"description\":\"\",\"caption\":\"\",\"mime\":\"image\/jpeg\",\"type\":\"image\",\"width\":2560,\"height\":1920,\"sizes\":{\"thumbnail\":{\"height\":150,\"width\":150,\"url\":\"https:\/\/bindschi.ch\/wp-content\/uploads\/2021\/09\/Blueemlisalphorn-14-150x150.jpg\",\"orientation\":\"landscape\"},\"medium\":{\"height\":225,\"width\":300,\"url\":\"https:\/\/bindschi.ch\/wp-content\/uploads\/2021\/09\/Blueemlisalphorn-14-300x225.jpg\",\"orientation\":\"landscape\"},\"large\":{\"height\":768,\"width\":1024,\"url\":\"https:\/\/bindschi.ch\/wp-content\/uploads\/2021\/09\/Blueemlisalphorn-14-1024x768.jpg\",\"orientation\":\"landscape\"},\"full\":{\"url\":\"https:\/\/bindschi.ch\/wp-content\/uploads\/2021\/09\/Blueemlisalphorn-14-scaled.jpg\",\"height\":1920,\"width\":2560,\"orientation\":\"landscape\"}},\"meta\":false,\"postlink\":\"https:\/\/bindschi.ch\/index.php\/blueemlisaplhorn\/blueemlisalphorn-14\/\"},{\"id\":1996,\"title\":\"Blueemlisalphorn-15\",\"url\":\"https:\/\/bindschi.ch\/wp-content\/uploads\/2021\/09\/Blueemlisalphorn-15-scaled.jpg\",\"link\":\"https:\/\/bindschi.ch\/index.php\/blueemlisaplhorn\/blueemlisalphorn-15\/\",\"alt\":\"\",\"description\":\"\",\"caption\":\"\",\"mime\":\"image\/jpeg\",\"type\":\"image\",\"width\":2560,\"height\":1920,\"sizes\":{\"thumbnail\":{\"height\":150,\"width\":150,\"url\":\"https:\/\/bindschi.ch\/wp-content\/uploads\/2021\/09\/Blueemlisalphorn-15-150x150.jpg\",\"orientation\":\"landscape\"},\"medium\":{\"height\":225,\"width\":300,\"url\":\"https:\/\/bindschi.ch\/wp-content\/uploads\/2021\/09\/Blueemlisalphorn-15-300x225.jpg\",\"orientation\":\"landscape\"},\"large\":{\"height\":768,\"width\":1024,\"url\":\"https:\/\/bindschi.ch\/wp-content\/uploads\/2021\/09\/Blueemlisalphorn-15-1024x768.jpg\",\"orientation\":\"landscape\"},\"full\":{\"url\":\"https:\/\/bindschi.ch\/wp-content\/uploads\/2021\/09\/Blueemlisalphorn-15-scaled.jpg\",\"height\":1920,\"width\":2560,\"orientation\":\"landscape\"}},\"meta\":false,\"postlink\":\"https:\/\/bindschi.ch\/index.php\/blueemlisaplhorn\/blueemlisalphorn-15\/\"},{\"id\":1997,\"title\":\"Blueemlisalphorn-16\",\"url\":\"https:\/\/bindschi.ch\/wp-content\/uploads\/2021\/09\/Blueemlisalphorn-16-scaled.jpg\",\"link\":\"https:\/\/bindschi.ch\/index.php\/blueemlisaplhorn\/blueemlisalphorn-16\/\",\"alt\":\"\",\"description\":\"\",\"caption\":\"\",\"mime\":\"image\/jpeg\",\"type\":\"image\",\"width\":2560,\"height\":1920,\"sizes\":{\"thumbnail\":{\"height\":150,\"width\":150,\"url\":\"https:\/\/bindschi.ch\/wp-content\/uploads\/2021\/09\/Blueemlisalphorn-16-150x150.jpg\",\"orientation\":\"landscape\"},\"medium\":{\"height\":225,\"width\":300,\"url\":\"https:\/\/bindschi.ch\/wp-content\/uploads\/2021\/09\/Blueemlisalphorn-16-300x225.jpg\",\"orientation\":\"landscape\"},\"large\":{\"height\":768,\"width\":1024,\"url\":\"https:\/\/bindschi.ch\/wp-content\/uploads\/2021\/09\/Blueemlisalphorn-16-1024x768.jpg\",\"orientation\":\"landscape\"},\"full\":{\"url\":\"https:\/\/bindschi.ch\/wp-content\/uploads\/2021\/09\/Blueemlisalphorn-16-scaled.jpg\",\"height\":1920,\"width\":2560,\"orientation\":\"landscape\"}},\"meta\":false,\"postlink\":\"https:\/\/bindschi.ch\/index.php\/blueemlisaplhorn\/blueemlisalphorn-16\/\"},{\"id\":1998,\"title\":\"Blueemlisalphorn-17\",\"url\":\"https:\/\/bindschi.ch\/wp-content\/uploads\/2021\/09\/Blueemlisalphorn-17-scaled.jpg\",\"link\":\"https:\/\/bindschi.ch\/index.php\/blueemlisaplhorn\/blueemlisalphorn-17\/\",\"alt\":\"\",\"description\":\"\",\"caption\":\"\",\"mime\":\"image\/jpeg\",\"type\":\"image\",\"width\":2560,\"height\":1920,\"sizes\":{\"thumbnail\":{\"height\":150,\"width\":150,\"url\":\"https:\/\/bindschi.ch\/wp-content\/uploads\/2021\/09\/Blueemlisalphorn-17-150x150.jpg\",\"orientation\":\"landscape\"},\"medium\":{\"height\":225,\"width\":300,\"url\":\"https:\/\/bindschi.ch\/wp-content\/uploads\/2021\/09\/Blueemlisalphorn-17-300x225.jpg\",\"orientation\":\"landscape\"},\"large\":{\"height\":768,\"width\":1024,\"url\":\"https:\/\/bindschi.ch\/wp-content\/uploads\/2021\/09\/Blueemlisalphorn-17-1024x768.jpg\",\"orientation\":\"landscape\"},\"full\":{\"url\":\"https:\/\/bindschi.ch\/wp-content\/uploads\/2021\/09\/Blueemlisalphorn-17-scaled.jpg\",\"height\":1920,\"width\":2560,\"orientation\":\"landscape\"}},\"meta\":false,\"postlink\":\"https:\/\/bindschi.ch\/index.php\/blueemlisaplhorn\/blueemlisalphorn-17\/\"},{\"id\":1999,\"title\":\"Blueemlisalphorn-18\",\"url\":\"https:\/\/bindschi.ch\/wp-content\/uploads\/2021\/09\/Blueemlisalphorn-18-scaled.jpg\",\"link\":\"https:\/\/bindschi.ch\/index.php\/blueemlisaplhorn\/blueemlisalphorn-18\/\",\"alt\":\"\",\"description\":\"\",\"caption\":\"\",\"mime\":\"image\/jpeg\",\"type\":\"image\",\"width\":2560,\"height\":1920,\"sizes\":{\"thumbnail\":{\"height\":150,\"width\":150,\"url\":\"https:\/\/bindschi.ch\/wp-content\/uploads\/2021\/09\/Blueemlisalphorn-18-150x150.jpg\",\"orientation\":\"landscape\"},\"medium\":{\"height\":225,\"width\":300,\"url\":\"https:\/\/bindschi.ch\/wp-content\/uploads\/2021\/09\/Blueemlisalphorn-18-300x225.jpg\",\"orientation\":\"landscape\"},\"large\":{\"height\":768,\"width\":1024,\"url\":\"https:\/\/bindschi.ch\/wp-content\/uploads\/2021\/09\/Blueemlisalphorn-18-1024x768.jpg\",\"orientation\":\"landscape\"},\"full\":{\"url\":\"https:\/\/bindschi.ch\/wp-content\/uploads\/2021\/09\/Blueemlisalphorn-18-scaled.jpg\",\"height\":1920,\"width\":2560,\"orientation\":\"landscape\"}},\"meta\":false,\"postlink\":\"https:\/\/bindschi.ch\/index.php\/blueemlisaplhorn\/blueemlisalphorn-18\/\"},{\"id\":2000,\"title\":\"Blueemlisalphorn-19\",\"url\":\"https:\/\/bindschi.ch\/wp-content\/uploads\/2021\/09\/Blueemlisalphorn-19-scaled.jpg\",\"link\":\"https:\/\/bindschi.ch\/index.php\/blueemlisaplhorn\/blueemlisalphorn-19\/\",\"alt\":\"\",\"description\":\"\",\"caption\":\"\",\"mime\":\"image\/jpeg\",\"type\":\"image\",\"width\":2560,\"height\":1920,\"sizes\":{\"thumbnail\":{\"height\":150,\"width\":150,\"url\":\"https:\/\/bindschi.ch\/wp-content\/uploads\/2021\/09\/Blueemlisalphorn-19-150x150.jpg\",\"orientation\":\"landscape\"},\"medium\":{\"height\":225,\"width\":300,\"url\":\"https:\/\/bindschi.ch\/wp-content\/uploads\/2021\/09\/Blueemlisalphorn-19-300x225.jpg\",\"orientation\":\"landscape\"},\"large\":{\"height\":768,\"width\":1024,\"url\":\"https:\/\/bindschi.ch\/wp-content\/uploads\/2021\/09\/Blueemlisalphorn-19-1024x768.jpg\",\"orientation\":\"landscape\"},\"full\":{\"url\":\"https:\/\/bindschi.ch\/wp-content\/uploads\/2021\/09\/Blueemlisalphorn-19-scaled.jpg\",\"height\":1920,\"width\":2560,\"orientation\":\"landscape\"}},\"meta\":false,\"postlink\":\"https:\/\/bindschi.ch\/index.php\/blueemlisaplhorn\/blueemlisalphorn-19\/\"},{\"id\":2001,\"title\":\"Blueemlisalphorn-20\",\"url\":\"https:\/\/bindschi.ch\/wp-content\/uploads\/2021\/09\/Blueemlisalphorn-20-scaled.jpg\",\"link\":\"https:\/\/bindschi.ch\/index.php\/blueemlisaplhorn\/blueemlisalphorn-20\/\",\"alt\":\"\",\"description\":\"\",\"caption\":\"\",\"mime\":\"image\/jpeg\",\"type\":\"image\",\"width\":2560,\"height\":1920,\"sizes\":{\"thumbnail\":{\"height\":150,\"width\":150,\"url\":\"https:\/\/bindschi.ch\/wp-content\/uploads\/2021\/09\/Blueemlisalphorn-20-150x150.jpg\",\"orientation\":\"landscape\"},\"medium\":{\"height\":225,\"width\":300,\"url\":\"https:\/\/bindschi.ch\/wp-content\/uploads\/2021\/09\/Blueemlisalphorn-20-300x225.jpg\",\"orientation\":\"landscape\"},\"large\":{\"height\":768,\"width\":1024,\"url\":\"https:\/\/bindschi.ch\/wp-content\/uploads\/2021\/09\/Blueemlisalphorn-20-1024x768.jpg\",\"orientation\":\"landscape\"},\"full\":{\"url\":\"https:\/\/bindschi.ch\/wp-content\/uploads\/2021\/09\/Blueemlisalphorn-20-scaled.jpg\",\"height\":1920,\"width\":2560,\"orientation\":\"landscape\"}},\"meta\":false,\"postlink\":\"https:\/\/bindschi.ch\/index.php\/blueemlisaplhorn\/blueemlisalphorn-20\/\"},{\"id\":2002,\"title\":\"Blueemlisalphorn-21\",\"url\":\"https:\/\/bindschi.ch\/wp-content\/uploads\/2021\/09\/Blueemlisalphorn-21-scaled.jpg\",\"link\":\"https:\/\/bindschi.ch\/index.php\/blueemlisaplhorn\/blueemlisalphorn-21\/\",\"alt\":\"\",\"description\":\"\",\"caption\":\"\",\"mime\":\"image\/jpeg\",\"type\":\"image\",\"width\":2560,\"height\":1920,\"sizes\":{\"thumbnail\":{\"height\":150,\"width\":150,\"url\":\"https:\/\/bindschi.ch\/wp-content\/uploads\/2021\/09\/Blueemlisalphorn-21-150x150.jpg\",\"orientation\":\"landscape\"},\"medium\":{\"height\":225,\"width\":300,\"url\":\"https:\/\/bindschi.ch\/wp-content\/uploads\/2021\/09\/Blueemlisalphorn-21-300x225.jpg\",\"orientation\":\"landscape\"},\"large\":{\"height\":768,\"width\":1024,\"url\":\"https:\/\/bindschi.ch\/wp-content\/uploads\/2021\/09\/Blueemlisalphorn-21-1024x768.jpg\",\"orientation\":\"landscape\"},\"full\":{\"url\":\"https:\/\/bindschi.ch\/wp-content\/uploads\/2021\/09\/Blueemlisalphorn-21-scaled.jpg\",\"height\":1920,\"width\":2560,\"orientation\":\"landscape\"}},\"meta\":false,\"postlink\":\"https:\/\/bindschi.ch\/index.php\/blueemlisaplhorn\/blueemlisalphorn-21\/\"},{\"id\":2003,\"title\":\"Blueemlisalphorn-22\",\"url\":\"https:\/\/bindschi.ch\/wp-content\/uploads\/2021\/09\/Blueemlisalphorn-22-scaled.jpg\",\"link\":\"https:\/\/bindschi.ch\/index.php\/blueemlisaplhorn\/blueemlisalphorn-22\/\",\"alt\":\"\",\"description\":\"\",\"caption\":\"\",\"mime\":\"image\/jpeg\",\"type\":\"image\",\"width\":2560,\"height\":1920,\"sizes\":{\"thumbnail\":{\"height\":150,\"width\":150,\"url\":\"https:\/\/bindschi.ch\/wp-content\/uploads\/2021\/09\/Blueemlisalphorn-22-150x150.jpg\",\"orientation\":\"landscape\"},\"medium\":{\"height\":225,\"width\":300,\"url\":\"https:\/\/bindschi.ch\/wp-content\/uploads\/2021\/09\/Blueemlisalphorn-22-300x225.jpg\",\"orientation\":\"landscape\"},\"large\":{\"height\":768,\"width\":1024,\"url\":\"https:\/\/bindschi.ch\/wp-content\/uploads\/2021\/09\/Blueemlisalphorn-22-1024x768.jpg\",\"orientation\":\"landscape\"},\"full\":{\"url\":\"https:\/\/bindschi.ch\/wp-content\/uploads\/2021\/09\/Blueemlisalphorn-22-scaled.jpg\",\"height\":1920,\"width\":2560,\"orientation\":\"landscape\"}},\"meta\":false,\"postlink\":\"https:\/\/bindschi.ch\/index.php\/blueemlisaplhorn\/blueemlisalphorn-22\/\"},{\"id\":2004,\"title\":\"Blueemlisalphorn-23\",\"url\":\"https:\/\/bindschi.ch\/wp-content\/uploads\/2021\/09\/Blueemlisalphorn-23-scaled.jpg\",\"link\":\"https:\/\/bindschi.ch\/index.php\/blueemlisaplhorn\/blueemlisalphorn-23\/\",\"alt\":\"\",\"description\":\"\",\"caption\":\"\",\"mime\":\"image\/jpeg\",\"type\":\"image\",\"width\":2560,\"height\":1920,\"sizes\":{\"thumbnail\":{\"height\":150,\"width\":150,\"url\":\"https:\/\/bindschi.ch\/wp-content\/uploads\/2021\/09\/Blueemlisalphorn-23-150x150.jpg\",\"orientation\":\"landscape\"},\"medium\":{\"height\":225,\"width\":300,\"url\":\"https:\/\/bindschi.ch\/wp-content\/uploads\/2021\/09\/Blueemlisalphorn-23-300x225.jpg\",\"orientation\":\"landscape\"},\"large\":{\"height\":768,\"width\":1024,\"url\":\"https:\/\/bindschi.ch\/wp-content\/uploads\/2021\/09\/Blueemlisalphorn-23-1024x768.jpg\",\"orientation\":\"landscape\"},\"full\":{\"url\":\"https:\/\/bindschi.ch\/wp-content\/uploads\/2021\/09\/Blueemlisalphorn-23-scaled.jpg\",\"height\":1920,\"width\":2560,\"orientation\":\"landscape\"}},\"meta\":false,\"postlink\":\"https:\/\/bindschi.ch\/index.php\/blueemlisaplhorn\/blueemlisalphorn-23\/\"},{\"id\":2005,\"title\":\"Blueemlisalphorn-24\",\"url\":\"https:\/\/bindschi.ch\/wp-content\/uploads\/2021\/09\/Blueemlisalphorn-24-scaled.jpg\",\"link\":\"https:\/\/bindschi.ch\/index.php\/blueemlisaplhorn\/blueemlisalphorn-24\/\",\"alt\":\"\",\"description\":\"\",\"caption\":\"\",\"mime\":\"image\/jpeg\",\"type\":\"image\",\"width\":2560,\"height\":1920,\"sizes\":{\"thumbnail\":{\"height\":150,\"width\":150,\"url\":\"https:\/\/bindschi.ch\/wp-content\/uploads\/2021\/09\/Blueemlisalphorn-24-150x150.jpg\",\"orientation\":\"landscape\"},\"medium\":{\"height\":225,\"width\":300,\"url\":\"https:\/\/bindschi.ch\/wp-content\/uploads\/2021\/09\/Blueemlisalphorn-24-300x225.jpg\",\"orientation\":\"landscape\"},\"large\":{\"height\":768,\"width\":1024,\"url\":\"https:\/\/bindschi.ch\/wp-content\/uploads\/2021\/09\/Blueemlisalphorn-24-1024x768.jpg\",\"orientation\":\"landscape\"},\"full\":{\"url\":\"https:\/\/bindschi.ch\/wp-content\/uploads\/2021\/09\/Blueemlisalphorn-24-scaled.jpg\",\"height\":1920,\"width\":2560,\"orientation\":\"landscape\"}},\"meta\":false,\"postlink\":\"https:\/\/bindschi.ch\/index.php\/blueemlisaplhorn\/blueemlisalphorn-24\/\"},{\"id\":2006,\"title\":\"Blueemlisalphorn-25\",\"url\":\"https:\/\/bindschi.ch\/wp-content\/uploads\/2021\/09\/Blueemlisalphorn-25-scaled.jpg\",\"link\":\"https:\/\/bindschi.ch\/index.php\/blueemlisaplhorn\/blueemlisalphorn-25\/\",\"alt\":\"\",\"description\":\"\",\"caption\":\"\",\"mime\":\"image\/jpeg\",\"type\":\"image\",\"width\":2560,\"height\":1920,\"sizes\":{\"thumbnail\":{\"height\":150,\"width\":150,\"url\":\"https:\/\/bindschi.ch\/wp-content\/uploads\/2021\/09\/Blueemlisalphorn-25-150x150.jpg\",\"orientation\":\"landscape\"},\"medium\":{\"height\":225,\"width\":300,\"url\":\"https:\/\/bindschi.ch\/wp-content\/uploads\/2021\/09\/Blueemlisalphorn-25-300x225.jpg\",\"orientation\":\"landscape\"},\"large\":{\"height\":768,\"width\":1024,\"url\":\"https:\/\/bindschi.ch\/wp-content\/uploads\/2021\/09\/Blueemlisalphorn-25-1024x768.jpg\",\"orientation\":\"landscape\"},\"full\":{\"url\":\"https:\/\/bindschi.ch\/wp-content\/uploads\/2021\/09\/Blueemlisalphorn-25-scaled.jpg\",\"height\":1920,\"width\":2560,\"orientation\":\"landscape\"}},\"meta\":false,\"postlink\":\"https:\/\/bindschi.ch\/index.php\/blueemlisaplhorn\/blueemlisalphorn-25\/\"},{\"id\":2007,\"title\":\"Blueemlisalphorn-26\",\"url\":\"https:\/\/bindschi.ch\/wp-content\/uploads\/2021\/09\/Blueemlisalphorn-26-scaled.jpg\",\"link\":\"https:\/\/bindschi.ch\/index.php\/blueemlisaplhorn\/blueemlisalphorn-26\/\",\"alt\":\"\",\"description\":\"\",\"caption\":\"\",\"mime\":\"image\/jpeg\",\"type\":\"image\",\"width\":2560,\"height\":1920,\"sizes\":{\"thumbnail\":{\"height\":150,\"width\":150,\"url\":\"https:\/\/bindschi.ch\/wp-content\/uploads\/2021\/09\/Blueemlisalphorn-26-150x150.jpg\",\"orientation\":\"landscape\"},\"medium\":{\"height\":225,\"width\":300,\"url\":\"https:\/\/bindschi.ch\/wp-content\/uploads\/2021\/09\/Blueemlisalphorn-26-300x225.jpg\",\"orientation\":\"landscape\"},\"large\":{\"height\":768,\"width\":1024,\"url\":\"https:\/\/bindschi.ch\/wp-content\/uploads\/2021\/09\/Blueemlisalphorn-26-1024x768.jpg\",\"orientation\":\"landscape\"},\"full\":{\"url\":\"https:\/\/bindschi.ch\/wp-content\/uploads\/2021\/09\/Blueemlisalphorn-26-scaled.jpg\",\"height\":1920,\"width\":2560,\"orientation\":\"landscape\"}},\"meta\":false,\"postlink\":\"https:\/\/bindschi.ch\/index.php\/blueemlisaplhorn\/blueemlisalphorn-26\/\"},{\"id\":2008,\"title\":\"Blueemlisalphorn-27\",\"url\":\"https:\/\/bindschi.ch\/wp-content\/uploads\/2021\/09\/Blueemlisalphorn-27-scaled.jpg\",\"link\":\"https:\/\/bindschi.ch\/index.php\/blueemlisaplhorn\/blueemlisalphorn-27\/\",\"alt\":\"\",\"description\":\"\",\"caption\":\"\",\"mime\":\"image\/jpeg\",\"type\":\"image\",\"width\":2560,\"height\":1920,\"sizes\":{\"thumbnail\":{\"height\":150,\"width\":150,\"url\":\"https:\/\/bindschi.ch\/wp-content\/uploads\/2021\/09\/Blueemlisalphorn-27-150x150.jpg\",\"orientation\":\"landscape\"},\"medium\":{\"height\":225,\"width\":300,\"url\":\"https:\/\/bindschi.ch\/wp-content\/uploads\/2021\/09\/Blueemlisalphorn-27-300x225.jpg\",\"orientation\":\"landscape\"},\"large\":{\"height\":768,\"width\":1024,\"url\":\"https:\/\/bindschi.ch\/wp-content\/uploads\/2021\/09\/Blueemlisalphorn-27-1024x768.jpg\",\"orientation\":\"landscape\"},\"full\":{\"url\":\"https:\/\/bindschi.ch\/wp-content\/uploads\/2021\/09\/Blueemlisalphorn-27-scaled.jpg\",\"height\":1920,\"width\":2560,\"orientation\":\"landscape\"}},\"meta\":false,\"postlink\":\"https:\/\/bindschi.ch\/index.php\/blueemlisaplhorn\/blueemlisalphorn-27\/\"},{\"id\":2009,\"title\":\"Blueemlisalphorn-28\",\"url\":\"https:\/\/bindschi.ch\/wp-content\/uploads\/2021\/09\/Blueemlisalphorn-28-scaled.jpg\",\"link\":\"https:\/\/bindschi.ch\/index.php\/blueemlisaplhorn\/blueemlisalphorn-28\/\",\"alt\":\"\",\"description\":\"\",\"caption\":\"\",\"mime\":\"image\/jpeg\",\"type\":\"image\",\"width\":2560,\"height\":1920,\"sizes\":{\"thumbnail\":{\"height\":150,\"width\":150,\"url\":\"https:\/\/bindschi.ch\/wp-content\/uploads\/2021\/09\/Blueemlisalphorn-28-150x150.jpg\",\"orientation\":\"landscape\"},\"medium\":{\"height\":225,\"width\":300,\"url\":\"https:\/\/bindschi.ch\/wp-content\/uploads\/2021\/09\/Blueemlisalphorn-28-300x225.jpg\",\"orientation\":\"landscape\"},\"large\":{\"height\":768,\"width\":1024,\"url\":\"https:\/\/bindschi.ch\/wp-content\/uploads\/2021\/09\/Blueemlisalphorn-28-1024x768.jpg\",\"orientation\":\"landscape\"},\"full\":{\"url\":\"https:\/\/bindschi.ch\/wp-content\/uploads\/2021\/09\/Blueemlisalphorn-28-scaled.jpg\",\"height\":1920,\"width\":2560,\"orientation\":\"landscape\"}},\"meta\":false,\"postlink\":\"https:\/\/bindschi.ch\/index.php\/blueemlisaplhorn\/blueemlisalphorn-28\/\"},{\"id\":2010,\"title\":\"Blueemlisalphorn-29\",\"url\":\"https:\/\/bindschi.ch\/wp-content\/uploads\/2021\/09\/Blueemlisalphorn-29-scaled.jpg\",\"link\":\"https:\/\/bindschi.ch\/index.php\/blueemlisaplhorn\/blueemlisalphorn-29\/\",\"alt\":\"\",\"description\":\"\",\"caption\":\"\",\"mime\":\"image\/jpeg\",\"type\":\"image\",\"width\":2560,\"height\":1920,\"sizes\":{\"thumbnail\":{\"height\":150,\"width\":150,\"url\":\"https:\/\/bindschi.ch\/wp-content\/uploads\/2021\/09\/Blueemlisalphorn-29-150x150.jpg\",\"orientation\":\"landscape\"},\"medium\":{\"height\":225,\"width\":300,\"url\":\"https:\/\/bindschi.ch\/wp-content\/uploads\/2021\/09\/Blueemlisalphorn-29-300x225.jpg\",\"orientation\":\"landscape\"},\"large\":{\"height\":768,\"width\":1024,\"url\":\"https:\/\/bindschi.ch\/wp-content\/uploads\/2021\/09\/Blueemlisalphorn-29-1024x768.jpg\",\"orientation\":\"landscape\"},\"full\":{\"url\":\"https:\/\/bindschi.ch\/wp-content\/uploads\/2021\/09\/Blueemlisalphorn-29-scaled.jpg\",\"height\":1920,\"width\":2560,\"orientation\":\"landscape\"}},\"meta\":false,\"postlink\":\"https:\/\/bindschi.ch\/index.php\/blueemlisaplhorn\/blueemlisalphorn-29\/\"},{\"id\":2011,\"title\":\"Blueemlisalphorn-30\",\"url\":\"https:\/\/bindschi.ch\/wp-content\/uploads\/2021\/09\/Blueemlisalphorn-30-scaled.jpg\",\"link\":\"https:\/\/bindschi.ch\/index.php\/blueemlisaplhorn\/blueemlisalphorn-30\/\",\"alt\":\"\",\"description\":\"\",\"caption\":\"\",\"mime\":\"image\/jpeg\",\"type\":\"image\",\"width\":2560,\"height\":1920,\"sizes\":{\"thumbnail\":{\"height\":150,\"width\":150,\"url\":\"https:\/\/bindschi.ch\/wp-content\/uploads\/2021\/09\/Blueemlisalphorn-30-150x150.jpg\",\"orientation\":\"landscape\"},\"medium\":{\"height\":225,\"width\":300,\"url\":\"https:\/\/bindschi.ch\/wp-content\/uploads\/2021\/09\/Blueemlisalphorn-30-300x225.jpg\",\"orientation\":\"landscape\"},\"large\":{\"height\":768,\"width\":1024,\"url\":\"https:\/\/bindschi.ch\/wp-content\/uploads\/2021\/09\/Blueemlisalphorn-30-1024x768.jpg\",\"orientation\":\"landscape\"},\"full\":{\"url\":\"https:\/\/bindschi.ch\/wp-content\/uploads\/2021\/09\/Blueemlisalphorn-30-scaled.jpg\",\"height\":1920,\"width\":2560,\"orientation\":\"landscape\"}},\"meta\":false,\"postlink\":\"https:\/\/bindschi.ch\/index.php\/blueemlisaplhorn\/blueemlisalphorn-30\/\"},{\"id\":2012,\"title\":\"Blueemlisalphorn-31\",\"url\":\"https:\/\/bindschi.ch\/wp-content\/uploads\/2021\/09\/Blueemlisalphorn-31-scaled.jpg\",\"link\":\"https:\/\/bindschi.ch\/index.php\/blueemlisaplhorn\/blueemlisalphorn-31\/\",\"alt\":\"\",\"description\":\"\",\"caption\":\"\",\"mime\":\"image\/jpeg\",\"type\":\"image\",\"width\":2560,\"height\":1920,\"sizes\":{\"thumbnail\":{\"height\":150,\"width\":150,\"url\":\"https:\/\/bindschi.ch\/wp-content\/uploads\/2021\/09\/Blueemlisalphorn-31-150x150.jpg\",\"orientation\":\"landscape\"},\"medium\":{\"height\":225,\"width\":300,\"url\":\"https:\/\/bindschi.ch\/wp-content\/uploads\/2021\/09\/Blueemlisalphorn-31-300x225.jpg\",\"orientation\":\"landscape\"},\"large\":{\"height\":768,\"width\":1024,\"url\":\"https:\/\/bindschi.ch\/wp-content\/uploads\/2021\/09\/Blueemlisalphorn-31-1024x768.jpg\",\"orientation\":\"landscape\"},\"full\":{\"url\":\"https:\/\/bindschi.ch\/wp-content\/uploads\/2021\/09\/Blueemlisalphorn-31-scaled.jpg\",\"height\":1920,\"width\":2560,\"orientation\":\"landscape\"}},\"meta\":false,\"postlink\":\"https:\/\/bindschi.ch\/index.php\/blueemlisaplhorn\/blueemlisalphorn-31\/\"},{\"id\":2013,\"title\":\"Blueemlisalphorn-32\",\"url\":\"https:\/\/bindschi.ch\/wp-content\/uploads\/2021\/09\/Blueemlisalphorn-32-scaled.jpg\",\"link\":\"https:\/\/bindschi.ch\/index.php\/blueemlisaplhorn\/blueemlisalphorn-32\/\",\"alt\":\"\",\"description\":\"\",\"caption\":\"\",\"mime\":\"image\/jpeg\",\"type\":\"image\",\"width\":2560,\"height\":1920,\"sizes\":{\"thumbnail\":{\"height\":150,\"width\":150,\"url\":\"https:\/\/bindschi.ch\/wp-content\/uploads\/2021\/09\/Blueemlisalphorn-32-150x150.jpg\",\"orientation\":\"landscape\"},\"medium\":{\"height\":225,\"width\":300,\"url\":\"https:\/\/bindschi.ch\/wp-content\/uploads\/2021\/09\/Blueemlisalphorn-32-300x225.jpg\",\"orientation\":\"landscape\"},\"large\":{\"height\":768,\"width\":1024,\"url\":\"https:\/\/bindschi.ch\/wp-content\/uploads\/2021\/09\/Blueemlisalphorn-32-1024x768.jpg\",\"orientation\":\"landscape\"},\"full\":{\"url\":\"https:\/\/bindschi.ch\/wp-content\/uploads\/2021\/09\/Blueemlisalphorn-32-scaled.jpg\",\"height\":1920,\"width\":2560,\"orientation\":\"landscape\"}},\"meta\":false,\"postlink\":\"https:\/\/bindschi.ch\/index.php\/blueemlisaplhorn\/blueemlisalphorn-32\/\"},{\"id\":2014,\"title\":\"Blueemlisalphorn-33\",\"url\":\"https:\/\/bindschi.ch\/wp-content\/uploads\/2021\/09\/Blueemlisalphorn-33-scaled.jpg\",\"link\":\"https:\/\/bindschi.ch\/index.php\/blueemlisaplhorn\/blueemlisalphorn-33\/\",\"alt\":\"\",\"description\":\"\",\"caption\":\"\",\"mime\":\"image\/jpeg\",\"type\":\"image\",\"width\":1920,\"height\":2560,\"sizes\":{\"thumbnail\":{\"height\":150,\"width\":150,\"url\":\"https:\/\/bindschi.ch\/wp-content\/uploads\/2021\/09\/Blueemlisalphorn-33-150x150.jpg\",\"orientation\":\"landscape\"},\"medium\":{\"height\":300,\"width\":225,\"url\":\"https:\/\/bindschi.ch\/wp-content\/uploads\/2021\/09\/Blueemlisalphorn-33-225x300.jpg\",\"orientation\":\"portrait\"},\"large\":{\"height\":1024,\"width\":768,\"url\":\"https:\/\/bindschi.ch\/wp-content\/uploads\/2021\/09\/Blueemlisalphorn-33-768x1024.jpg\",\"orientation\":\"portrait\"},\"full\":{\"url\":\"https:\/\/bindschi.ch\/wp-content\/uploads\/2021\/09\/Blueemlisalphorn-33-scaled.jpg\",\"height\":2560,\"width\":1920,\"orientation\":\"portrait\"}},\"meta\":false,\"postlink\":\"https:\/\/bindschi.ch\/index.php\/blueemlisaplhorn\/blueemlisalphorn-33\/\"},{\"id\":2015,\"title\":\"Blueemlisalphorn-34\",\"url\":\"https:\/\/bindschi.ch\/wp-content\/uploads\/2021\/09\/Blueemlisalphorn-34-scaled.jpg\",\"link\":\"https:\/\/bindschi.ch\/index.php\/blueemlisaplhorn\/blueemlisalphorn-34\/\",\"alt\":\"\",\"description\":\"\",\"caption\":\"\",\"mime\":\"image\/jpeg\",\"type\":\"image\",\"width\":2560,\"height\":1920,\"sizes\":{\"thumbnail\":{\"height\":150,\"width\":150,\"url\":\"https:\/\/bindschi.ch\/wp-content\/uploads\/2021\/09\/Blueemlisalphorn-34-150x150.jpg\",\"orientation\":\"landscape\"},\"medium\":{\"height\":225,\"width\":300,\"url\":\"https:\/\/bindschi.ch\/wp-content\/uploads\/2021\/09\/Blueemlisalphorn-34-300x225.jpg\",\"orientation\":\"landscape\"},\"large\":{\"height\":768,\"width\":1024,\"url\":\"https:\/\/bindschi.ch\/wp-content\/uploads\/2021\/09\/Blueemlisalphorn-34-1024x768.jpg\",\"orientation\":\"landscape\"},\"full\":{\"url\":\"https:\/\/bindschi.ch\/wp-content\/uploads\/2021\/09\/Blueemlisalphorn-34-scaled.jpg\",\"height\":1920,\"width\":2560,\"orientation\":\"landscape\"}},\"meta\":false,\"postlink\":\"https:\/\/bindschi.ch\/index.php\/blueemlisaplhorn\/blueemlisalphorn-34\/\"},{\"id\":2016,\"title\":\"Blueemlisalphorn-35\",\"url\":\"https:\/\/bindschi.ch\/wp-content\/uploads\/2021\/09\/Blueemlisalphorn-35-scaled.jpg\",\"link\":\"https:\/\/bindschi.ch\/index.php\/blueemlisaplhorn\/blueemlisalphorn-35\/\",\"alt\":\"\",\"description\":\"\",\"caption\":\"\",\"mime\":\"image\/jpeg\",\"type\":\"image\",\"width\":2560,\"height\":1920,\"sizes\":{\"thumbnail\":{\"height\":150,\"width\":150,\"url\":\"https:\/\/bindschi.ch\/wp-content\/uploads\/2021\/09\/Blueemlisalphorn-35-150x150.jpg\",\"orientation\":\"landscape\"},\"medium\":{\"height\":225,\"width\":300,\"url\":\"https:\/\/bindschi.ch\/wp-content\/uploads\/2021\/09\/Blueemlisalphorn-35-300x225.jpg\",\"orientation\":\"landscape\"},\"large\":{\"height\":768,\"width\":1024,\"url\":\"https:\/\/bindschi.ch\/wp-content\/uploads\/2021\/09\/Blueemlisalphorn-35-1024x768.jpg\",\"orientation\":\"landscape\"},\"full\":{\"url\":\"https:\/\/bindschi.ch\/wp-content\/uploads\/2021\/09\/Blueemlisalphorn-35-scaled.jpg\",\"height\":1920,\"width\":2560,\"orientation\":\"landscape\"}},\"meta\":false,\"postlink\":\"https:\/\/bindschi.ch\/index.php\/blueemlisaplhorn\/blueemlisalphorn-35\/\"},{\"id\":2017,\"title\":\"Blueemlisalphorn-36\",\"url\":\"https:\/\/bindschi.ch\/wp-content\/uploads\/2021\/09\/Blueemlisalphorn-36-scaled.jpg\",\"link\":\"https:\/\/bindschi.ch\/index.php\/blueemlisaplhorn\/blueemlisalphorn-36\/\",\"alt\":\"\",\"description\":\"\",\"caption\":\"\",\"mime\":\"image\/jpeg\",\"type\":\"image\",\"width\":2560,\"height\":1920,\"sizes\":{\"thumbnail\":{\"height\":150,\"width\":150,\"url\":\"https:\/\/bindschi.ch\/wp-content\/uploads\/2021\/09\/Blueemlisalphorn-36-150x150.jpg\",\"orientation\":\"landscape\"},\"medium\":{\"height\":225,\"width\":300,\"url\":\"https:\/\/bindschi.ch\/wp-content\/uploads\/2021\/09\/Blueemlisalphorn-36-300x225.jpg\",\"orientation\":\"landscape\"},\"large\":{\"height\":768,\"width\":1024,\"url\":\"https:\/\/bindschi.ch\/wp-content\/uploads\/2021\/09\/Blueemlisalphorn-36-1024x768.jpg\",\"orientation\":\"landscape\"},\"full\":{\"url\":\"https:\/\/bindschi.ch\/wp-content\/uploads\/2021\/09\/Blueemlisalphorn-36-scaled.jpg\",\"height\":1920,\"width\":2560,\"orientation\":\"landscape\"}},\"meta\":false,\"postlink\":\"https:\/\/bindschi.ch\/index.php\/blueemlisaplhorn\/blueemlisalphorn-36\/\"},{\"id\":2018,\"title\":\"Blueemlisalphorn-37\",\"url\":\"https:\/\/bindschi.ch\/wp-content\/uploads\/2021\/09\/Blueemlisalphorn-37-scaled.jpg\",\"link\":\"https:\/\/bindschi.ch\/index.php\/blueemlisaplhorn\/blueemlisalphorn-37\/\",\"alt\":\"\",\"description\":\"\",\"caption\":\"\",\"mime\":\"image\/jpeg\",\"type\":\"image\",\"width\":2560,\"height\":1920,\"sizes\":{\"thumbnail\":{\"height\":150,\"width\":150,\"url\":\"https:\/\/bindschi.ch\/wp-content\/uploads\/2021\/09\/Blueemlisalphorn-37-150x150.jpg\",\"orientation\":\"landscape\"},\"medium\":{\"height\":225,\"width\":300,\"url\":\"https:\/\/bindschi.ch\/wp-content\/uploads\/2021\/09\/Blueemlisalphorn-37-300x225.jpg\",\"orientation\":\"landscape\"},\"large\":{\"height\":768,\"width\":1024,\"url\":\"https:\/\/bindschi.ch\/wp-content\/uploads\/2021\/09\/Blueemlisalphorn-37-1024x768.jpg\",\"orientation\":\"landscape\"},\"full\":{\"url\":\"https:\/\/bindschi.ch\/wp-content\/uploads\/2021\/09\/Blueemlisalphorn-37-scaled.jpg\",\"height\":1920,\"width\":2560,\"orientation\":\"landscape\"}},\"meta\":false,\"postlink\":\"https:\/\/bindschi.ch\/index.php\/blueemlisaplhorn\/blueemlisalphorn-37\/\"},{\"id\":2019,\"title\":\"Blueemlisalphorn-38\",\"url\":\"https:\/\/bindschi.ch\/wp-content\/uploads\/2021\/09\/Blueemlisalphorn-38-scaled.jpg\",\"link\":\"https:\/\/bindschi.ch\/index.php\/blueemlisaplhorn\/blueemlisalphorn-38\/\",\"alt\":\"\",\"description\":\"\",\"caption\":\"\",\"mime\":\"image\/jpeg\",\"type\":\"image\",\"width\":2560,\"height\":1920,\"sizes\":{\"thumbnail\":{\"height\":150,\"width\":150,\"url\":\"https:\/\/bindschi.ch\/wp-content\/uploads\/2021\/09\/Blueemlisalphorn-38-150x150.jpg\",\"orientation\":\"landscape\"},\"medium\":{\"height\":225,\"width\":300,\"url\":\"https:\/\/bindschi.ch\/wp-content\/uploads\/2021\/09\/Blueemlisalphorn-38-300x225.jpg\",\"orientation\":\"landscape\"},\"large\":{\"height\":768,\"width\":1024,\"url\":\"https:\/\/bindschi.ch\/wp-content\/uploads\/2021\/09\/Blueemlisalphorn-38-1024x768.jpg\",\"orientation\":\"landscape\"},\"full\":{\"url\":\"https:\/\/bindschi.ch\/wp-content\/uploads\/2021\/09\/Blueemlisalphorn-38-scaled.jpg\",\"height\":1920,\"width\":2560,\"orientation\":\"landscape\"}},\"meta\":false,\"postlink\":\"https:\/\/bindschi.ch\/index.php\/blueemlisaplhorn\/blueemlisalphorn-38\/\"},{\"id\":2020,\"title\":\"Blueemlisalphorn-39\",\"url\":\"https:\/\/bindschi.ch\/wp-content\/uploads\/2021\/09\/Blueemlisalphorn-39-scaled.jpg\",\"link\":\"https:\/\/bindschi.ch\/index.php\/blueemlisaplhorn\/blueemlisalphorn-39\/\",\"alt\":\"\",\"description\":\"\",\"caption\":\"\",\"mime\":\"image\/jpeg\",\"type\":\"image\",\"width\":2560,\"height\":1920,\"sizes\":{\"thumbnail\":{\"height\":150,\"width\":150,\"url\":\"https:\/\/bindschi.ch\/wp-content\/uploads\/2021\/09\/Blueemlisalphorn-39-150x150.jpg\",\"orientation\":\"landscape\"},\"medium\":{\"height\":225,\"width\":300,\"url\":\"https:\/\/bindschi.ch\/wp-content\/uploads\/2021\/09\/Blueemlisalphorn-39-300x225.jpg\",\"orientation\":\"landscape\"},\"large\":{\"height\":768,\"width\":1024,\"url\":\"https:\/\/bindschi.ch\/wp-content\/uploads\/2021\/09\/Blueemlisalphorn-39-1024x768.jpg\",\"orientation\":\"landscape\"},\"full\":{\"url\":\"https:\/\/bindschi.ch\/wp-content\/uploads\/2021\/09\/Blueemlisalphorn-39-scaled.jpg\",\"height\":1920,\"width\":2560,\"orientation\":\"landscape\"}},\"meta\":false,\"postlink\":\"https:\/\/bindschi.ch\/index.php\/blueemlisaplhorn\/blueemlisalphorn-39\/\"},{\"id\":2021,\"title\":\"Blueemlisalphorn-40\",\"url\":\"https:\/\/bindschi.ch\/wp-content\/uploads\/2021\/09\/Blueemlisalphorn-40-scaled.jpg\",\"link\":\"https:\/\/bindschi.ch\/index.php\/blueemlisaplhorn\/blueemlisalphorn-40\/\",\"alt\":\"\",\"description\":\"\",\"caption\":\"\",\"mime\":\"image\/jpeg\",\"type\":\"image\",\"width\":2560,\"height\":1920,\"sizes\":{\"thumbnail\":{\"height\":150,\"width\":150,\"url\":\"https:\/\/bindschi.ch\/wp-content\/uploads\/2021\/09\/Blueemlisalphorn-40-150x150.jpg\",\"orientation\":\"landscape\"},\"medium\":{\"height\":225,\"width\":300,\"url\":\"https:\/\/bindschi.ch\/wp-content\/uploads\/2021\/09\/Blueemlisalphorn-40-300x225.jpg\",\"orientation\":\"landscape\"},\"large\":{\"height\":768,\"width\":1024,\"url\":\"https:\/\/bindschi.ch\/wp-content\/uploads\/2021\/09\/Blueemlisalphorn-40-1024x768.jpg\",\"orientation\":\"landscape\"},\"full\":{\"url\":\"https:\/\/bindschi.ch\/wp-content\/uploads\/2021\/09\/Blueemlisalphorn-40-scaled.jpg\",\"height\":1920,\"width\":2560,\"orientation\":\"landscape\"}},\"meta\":false,\"postlink\":\"https:\/\/bindschi.ch\/index.php\/blueemlisaplhorn\/blueemlisalphorn-40\/\"},{\"id\":2022,\"title\":\"Blueemlisalphorn-41\",\"url\":\"https:\/\/bindschi.ch\/wp-content\/uploads\/2021\/09\/Blueemlisalphorn-41-scaled.jpg\",\"link\":\"https:\/\/bindschi.ch\/index.php\/blueemlisaplhorn\/blueemlisalphorn-41\/\",\"alt\":\"\",\"description\":\"\",\"caption\":\"\",\"mime\":\"image\/jpeg\",\"type\":\"image\",\"width\":2560,\"height\":1920,\"sizes\":{\"thumbnail\":{\"height\":150,\"width\":150,\"url\":\"https:\/\/bindschi.ch\/wp-content\/uploads\/2021\/09\/Blueemlisalphorn-41-150x150.jpg\",\"orientation\":\"landscape\"},\"medium\":{\"height\":225,\"width\":300,\"url\":\"https:\/\/bindschi.ch\/wp-content\/uploads\/2021\/09\/Blueemlisalphorn-41-300x225.jpg\",\"orientation\":\"landscape\"},\"large\":{\"height\":768,\"width\":1024,\"url\":\"https:\/\/bindschi.ch\/wp-content\/uploads\/2021\/09\/Blueemlisalphorn-41-1024x768.jpg\",\"orientation\":\"landscape\"},\"full\":{\"url\":\"https:\/\/bindschi.ch\/wp-content\/uploads\/2021\/09\/Blueemlisalphorn-41-scaled.jpg\",\"height\":1920,\"width\":2560,\"orientation\":\"landscape\"}},\"meta\":false,\"postlink\":\"https:\/\/bindschi.ch\/index.php\/blueemlisaplhorn\/blueemlisalphorn-41\/\"},{\"id\":2023,\"title\":\"Blueemlisalphorn-42\",\"url\":\"https:\/\/bindschi.ch\/wp-content\/uploads\/2021\/09\/Blueemlisalphorn-42-scaled.jpg\",\"link\":\"https:\/\/bindschi.ch\/index.php\/blueemlisaplhorn\/blueemlisalphorn-42\/\",\"alt\":\"\",\"description\":\"\",\"caption\":\"\",\"mime\":\"image\/jpeg\",\"type\":\"image\",\"width\":2560,\"height\":1920,\"sizes\":{\"thumbnail\":{\"height\":150,\"width\":150,\"url\":\"https:\/\/bindschi.ch\/wp-content\/uploads\/2021\/09\/Blueemlisalphorn-42-150x150.jpg\",\"orientation\":\"landscape\"},\"medium\":{\"height\":225,\"width\":300,\"url\":\"https:\/\/bindschi.ch\/wp-content\/uploads\/2021\/09\/Blueemlisalphorn-42-300x225.jpg\",\"orientation\":\"landscape\"},\"large\":{\"height\":768,\"width\":1024,\"url\":\"https:\/\/bindschi.ch\/wp-content\/uploads\/2021\/09\/Blueemlisalphorn-42-1024x768.jpg\",\"orientation\":\"landscape\"},\"full\":{\"url\":\"https:\/\/bindschi.ch\/wp-content\/uploads\/2021\/09\/Blueemlisalphorn-42-scaled.jpg\",\"height\":1920,\"width\":2560,\"orientation\":\"landscape\"}},\"meta\":false,\"postlink\":\"https:\/\/bindschi.ch\/index.php\/blueemlisaplhorn\/blueemlisalphorn-42\/\"},{\"id\":2024,\"title\":\"Blueemlisalphorn-43\",\"url\":\"https:\/\/bindschi.ch\/wp-content\/uploads\/2021\/09\/Blueemlisalphorn-43-scaled.jpg\",\"link\":\"https:\/\/bindschi.ch\/index.php\/blueemlisaplhorn\/blueemlisalphorn-43\/\",\"alt\":\"\",\"description\":\"\",\"caption\":\"\",\"mime\":\"image\/jpeg\",\"type\":\"image\",\"width\":2560,\"height\":1920,\"sizes\":{\"thumbnail\":{\"height\":150,\"width\":150,\"url\":\"https:\/\/bindschi.ch\/wp-content\/uploads\/2021\/09\/Blueemlisalphorn-43-150x150.jpg\",\"orientation\":\"landscape\"},\"medium\":{\"height\":225,\"width\":300,\"url\":\"https:\/\/bindschi.ch\/wp-content\/uploads\/2021\/09\/Blueemlisalphorn-43-300x225.jpg\",\"orientation\":\"landscape\"},\"large\":{\"height\":768,\"width\":1024,\"url\":\"https:\/\/bindschi.ch\/wp-content\/uploads\/2021\/09\/Blueemlisalphorn-43-1024x768.jpg\",\"orientation\":\"landscape\"},\"full\":{\"url\":\"https:\/\/bindschi.ch\/wp-content\/uploads\/2021\/09\/Blueemlisalphorn-43-scaled.jpg\",\"height\":1920,\"width\":2560,\"orientation\":\"landscape\"}},\"meta\":false,\"postlink\":\"https:\/\/bindschi.ch\/index.php\/blueemlisaplhorn\/blueemlisalphorn-43\/\"},{\"id\":2025,\"title\":\"Blueemlisalphorn-44\",\"url\":\"https:\/\/bindschi.ch\/wp-content\/uploads\/2021\/09\/Blueemlisalphorn-44-scaled.jpg\",\"link\":\"https:\/\/bindschi.ch\/index.php\/blueemlisaplhorn\/blueemlisalphorn-44\/\",\"alt\":\"\",\"description\":\"\",\"caption\":\"\",\"mime\":\"image\/jpeg\",\"type\":\"image\",\"width\":2560,\"height\":1920,\"sizes\":{\"thumbnail\":{\"height\":150,\"width\":150,\"url\":\"https:\/\/bindschi.ch\/wp-content\/uploads\/2021\/09\/Blueemlisalphorn-44-150x150.jpg\",\"orientation\":\"landscape\"},\"medium\":{\"height\":225,\"width\":300,\"url\":\"https:\/\/bindschi.ch\/wp-content\/uploads\/2021\/09\/Blueemlisalphorn-44-300x225.jpg\",\"orientation\":\"landscape\"},\"large\":{\"height\":768,\"width\":1024,\"url\":\"https:\/\/bindschi.ch\/wp-content\/uploads\/2021\/09\/Blueemlisalphorn-44-1024x768.jpg\",\"orientation\":\"landscape\"},\"full\":{\"url\":\"https:\/\/bindschi.ch\/wp-content\/uploads\/2021\/09\/Blueemlisalphorn-44-scaled.jpg\",\"height\":1920,\"width\":2560,\"orientation\":\"landscape\"}},\"meta\":false,\"postlink\":\"https:\/\/bindschi.ch\/index.php\/blueemlisaplhorn\/blueemlisalphorn-44\/\"},{\"id\":2026,\"title\":\"Blueemlisalphorn-45\",\"url\":\"https:\/\/bindschi.ch\/wp-content\/uploads\/2021\/09\/Blueemlisalphorn-45-scaled.jpg\",\"link\":\"https:\/\/bindschi.ch\/index.php\/blueemlisaplhorn\/blueemlisalphorn-45\/\",\"alt\":\"\",\"description\":\"\",\"caption\":\"\",\"mime\":\"image\/jpeg\",\"type\":\"image\",\"width\":2560,\"height\":1920,\"sizes\":{\"thumbnail\":{\"height\":150,\"width\":150,\"url\":\"https:\/\/bindschi.ch\/wp-content\/uploads\/2021\/09\/Blueemlisalphorn-45-150x150.jpg\",\"orientation\":\"landscape\"},\"medium\":{\"height\":225,\"width\":300,\"url\":\"https:\/\/bindschi.ch\/wp-content\/uploads\/2021\/09\/Blueemlisalphorn-45-300x225.jpg\",\"orientation\":\"landscape\"},\"large\":{\"height\":768,\"width\":1024,\"url\":\"https:\/\/bindschi.ch\/wp-content\/uploads\/2021\/09\/Blueemlisalphorn-45-1024x768.jpg\",\"orientation\":\"landscape\"},\"full\":{\"url\":\"https:\/\/bindschi.ch\/wp-content\/uploads\/2021\/09\/Blueemlisalphorn-45-scaled.jpg\",\"height\":1920,\"width\":2560,\"orientation\":\"landscape\"}},\"meta\":false,\"postlink\":\"https:\/\/bindschi.ch\/index.php\/blueemlisaplhorn\/blueemlisalphorn-45\/\"},{\"id\":2027,\"title\":\"Blueemlisalphorn-46\",\"url\":\"https:\/\/bindschi.ch\/wp-content\/uploads\/2021\/09\/Blueemlisalphorn-46-scaled.jpg\",\"link\":\"https:\/\/bindschi.ch\/index.php\/blueemlisaplhorn\/blueemlisalphorn-46\/\",\"alt\":\"\",\"description\":\"\",\"caption\":\"\",\"mime\":\"image\/jpeg\",\"type\":\"image\",\"width\":2560,\"height\":1920,\"sizes\":{\"thumbnail\":{\"height\":150,\"width\":150,\"url\":\"https:\/\/bindschi.ch\/wp-content\/uploads\/2021\/09\/Blueemlisalphorn-46-150x150.jpg\",\"orientation\":\"landscape\"},\"medium\":{\"height\":225,\"width\":300,\"url\":\"https:\/\/bindschi.ch\/wp-content\/uploads\/2021\/09\/Blueemlisalphorn-46-300x225.jpg\",\"orientation\":\"landscape\"},\"large\":{\"height\":768,\"width\":1024,\"url\":\"https:\/\/bindschi.ch\/wp-content\/uploads\/2021\/09\/Blueemlisalphorn-46-1024x768.jpg\",\"orientation\":\"landscape\"},\"full\":{\"url\":\"https:\/\/bindschi.ch\/wp-content\/uploads\/2021\/09\/Blueemlisalphorn-46-scaled.jpg\",\"height\":1920,\"width\":2560,\"orientation\":\"landscape\"}},\"meta\":false,\"postlink\":\"https:\/\/bindschi.ch\/index.php\/blueemlisaplhorn\/blueemlisalphorn-46\/\"},{\"id\":2028,\"title\":\"Blueemlisalphorn-47\",\"url\":\"https:\/\/bindschi.ch\/wp-content\/uploads\/2021\/09\/Blueemlisalphorn-47-scaled.jpg\",\"link\":\"https:\/\/bindschi.ch\/index.php\/blueemlisaplhorn\/blueemlisalphorn-47\/\",\"alt\":\"\",\"description\":\"\",\"caption\":\"\",\"mime\":\"image\/jpeg\",\"type\":\"image\",\"width\":2560,\"height\":1920,\"sizes\":{\"thumbnail\":{\"height\":150,\"width\":150,\"url\":\"https:\/\/bindschi.ch\/wp-content\/uploads\/2021\/09\/Blueemlisalphorn-47-150x150.jpg\",\"orientation\":\"landscape\"},\"medium\":{\"height\":225,\"width\":300,\"url\":\"https:\/\/bindschi.ch\/wp-content\/uploads\/2021\/09\/Blueemlisalphorn-47-300x225.jpg\",\"orientation\":\"landscape\"},\"large\":{\"height\":768,\"width\":1024,\"url\":\"https:\/\/bindschi.ch\/wp-content\/uploads\/2021\/09\/Blueemlisalphorn-47-1024x768.jpg\",\"orientation\":\"landscape\"},\"full\":{\"url\":\"https:\/\/bindschi.ch\/wp-content\/uploads\/2021\/09\/Blueemlisalphorn-47-scaled.jpg\",\"height\":1920,\"width\":2560,\"orientation\":\"landscape\"}},\"meta\":false,\"postlink\":\"https:\/\/bindschi.ch\/index.php\/blueemlisaplhorn\/blueemlisalphorn-47\/\"},{\"id\":2029,\"title\":\"Blueemlisalphorn-48\",\"url\":\"https:\/\/bindschi.ch\/wp-content\/uploads\/2021\/09\/Blueemlisalphorn-48-scaled.jpg\",\"link\":\"https:\/\/bindschi.ch\/index.php\/blueemlisaplhorn\/blueemlisalphorn-48\/\",\"alt\":\"\",\"description\":\"\",\"caption\":\"\",\"mime\":\"image\/jpeg\",\"type\":\"image\",\"width\":2560,\"height\":1920,\"sizes\":{\"thumbnail\":{\"height\":150,\"width\":150,\"url\":\"https:\/\/bindschi.ch\/wp-content\/uploads\/2021\/09\/Blueemlisalphorn-48-150x150.jpg\",\"orientation\":\"landscape\"},\"medium\":{\"height\":225,\"width\":300,\"url\":\"https:\/\/bindschi.ch\/wp-content\/uploads\/2021\/09\/Blueemlisalphorn-48-300x225.jpg\",\"orientation\":\"landscape\"},\"large\":{\"height\":768,\"width\":1024,\"url\":\"https:\/\/bindschi.ch\/wp-content\/uploads\/2021\/09\/Blueemlisalphorn-48-1024x768.jpg\",\"orientation\":\"landscape\"},\"full\":{\"url\":\"https:\/\/bindschi.ch\/wp-content\/uploads\/2021\/09\/Blueemlisalphorn-48-scaled.jpg\",\"height\":1920,\"width\":2560,\"orientation\":\"landscape\"}},\"meta\":false,\"postlink\":\"https:\/\/bindschi.ch\/index.php\/blueemlisaplhorn\/blueemlisalphorn-48\/\"},{\"id\":2030,\"title\":\"Blueemlisalphorn-49\",\"url\":\"https:\/\/bindschi.ch\/wp-content\/uploads\/2021\/09\/Blueemlisalphorn-49-scaled.jpg\",\"link\":\"https:\/\/bindschi.ch\/index.php\/blueemlisaplhorn\/blueemlisalphorn-49\/\",\"alt\":\"\",\"description\":\"\",\"caption\":\"\",\"mime\":\"image\/jpeg\",\"type\":\"image\",\"width\":2560,\"height\":1920,\"sizes\":{\"thumbnail\":{\"height\":150,\"width\":150,\"url\":\"https:\/\/bindschi.ch\/wp-content\/uploads\/2021\/09\/Blueemlisalphorn-49-150x150.jpg\",\"orientation\":\"landscape\"},\"medium\":{\"height\":225,\"width\":300,\"url\":\"https:\/\/bindschi.ch\/wp-content\/uploads\/2021\/09\/Blueemlisalphorn-49-300x225.jpg\",\"orientation\":\"landscape\"},\"large\":{\"height\":768,\"width\":1024,\"url\":\"https:\/\/bindschi.ch\/wp-content\/uploads\/2021\/09\/Blueemlisalphorn-49-1024x768.jpg\",\"orientation\":\"landscape\"},\"full\":{\"url\":\"https:\/\/bindschi.ch\/wp-content\/uploads\/2021\/09\/Blueemlisalphorn-49-scaled.jpg\",\"height\":1920,\"width\":2560,\"orientation\":\"landscape\"}},\"meta\":false,\"postlink\":\"https:\/\/bindschi.ch\/index.php\/blueemlisaplhorn\/blueemlisalphorn-49\/\"}],\"itemsMetaDataCollection\":[],\"galleryData\":\"{\\u0022collectionThumbRecomendedWidth\\u0022:200,\\u0022thumbSpacing\\u0022:5,\\u0022externalLink\\u0022:true,\\u0022externalLinkDefName\\u0022:\\u0022Read More\\u0022,\\u0022externalLinkTextColor\\u0022:\\u0022rgba(0,0,0,1)\\u0022,\\u0022externalLinkBgColor\\u0022:\\u0022rgba(255,255,255,1)\\u0022,\\u0022externalLinkFontSize\\u0022:18,\\u0022captions\\u0022:true,\\u0022captionSrc\\u0022:\\u0022alt\\u0022,\\u0022captionHAlign\\u0022:\\u0022top\\u0022,\\u0022collectionthumbHoverTitleFontSize\\u0022:18,\\u0022collectionthumbRoundedCorners\\u0022:10,\\u0022collectionthumbHoverTitleTextColor\\u0022:\\u0022rgba(255,255,255,1)\\u0022,\\u0022collectionthumbHoverTitleTextBgColor\\u0022:\\u0022rgba(0,0,0,0.8)\\u0022,\\u0022collectionthumbHoverBgColor\\u0022:\\u0022rgba(0,0,0,0.4)\\u0022,\\u0022collectionThumbSubMenuDownload\\u0022:true,\\u0022collectionThumbSubMenuShare\\u0022:true,\\u0022collectionThumbSubMenuBgColor\\u0022:\\u0022rgba(0,0,0,0.4)\\u0022,\\u0022collectionThumbSubMenuBgColorHover\\u0022:\\u0022rgba(255,255,255,1)\\u0022,\\u0022collectionThumbSubMenuIconColor\\u0022:\\u0022rgba(255,255,255,1)\\u0022,\\u0022collectionThumbSubMenuIconColorHover\\u0022:\\u0022rgba(0,0,0,1)\\u0022,\\u0022collectionthumbColorsFilter\\u0022:\\u0022none\\u0022,\\u0022sliderItemBgColor\\u0022:\\u0022rgba(0,0,0,0)\\u0022,\\u0022sliderItemBorderColor\\u0022:\\u0022rgba(255,255,255,1)\\u0022,\\u0022sliderItemBorderWidth\\u0022:0,\\u0022sliderItemFill\\u0022:\\u0022true\\u0022,\\u0022sliderMaxHeight\\u0022:400,\\u0022sliderAdminWidth\\u0022:840,\\u0022responsiveHeight\\u0022:false,\\u0022collectionColumns\\u0022:3,\\u0022sliderAnimation\\u0022:\\u0022animation\\u0022,\\u0022sliderNextPrevNavigation\\u0022:true,\\u0022sliderNextPrevBgColor\\u0022:\\u0022rgba(255,255,255,1)\\u0022,\\u0022sliderNextPrevBgColorHover\\u0022:\\u0022rgba(0,0,0,1)\\u0022,\\u0022sliderNextPrevIconColor\\u0022:\\u0022rgba(0,0,0,1)\\u0022,\\u0022sliderNextPrevIconColorHover\\u0022:\\u0022rgba(255,255,255,1)\\u0022,\\u0022sliderThumbsNavi\\u0022:true,\\u0022sliderThumbsNaviColor\\u0022:\\u0022rgba(255,255,255,1)\\u0022,\\u0022sliderDotNavi\\u0022:false,\\u0022sliderDotNaviBgColor\\u0022:\\u0022rgba(0,0,0,.4)\\u0022,\\u0022sliderDotNaviBgColorHover\\u0022:\\u0022rgba(255,255,255,1)\\u0022,\\u0022autoPlay\\u0022:false,\\u0022autoPlayDelay\\u0022:4,\\u0022autoPlayMouseStoper\\u0022:true,\\u0022settingsModalIsOpen\\u0022:false,\\u0022galleryType\\u0022:\\u0022pgc_sgb_slider\\u0022,\\u0022align\\u0022:\\u0022\\u0022,\\u0022galleryId\\u0022:\\u00225d682261\\u0022,\\u0022tagsListCustomMode\\u0022:false,\\u0022initGalleryByFirstTag\\u0022:false,\\u0022deepLinkingForTag\\u0022:false,\\u0022galleryTagsList\\u0022:[],\\u0022useClobalSettings\\u0022:true,\\u0022orderBy\\u0022:\\u0022custom\\u0022,\\u0022deepLinking\\u0022:false,\\u0022useLightbox\\u0022:true,\\u0022thumbClickAction\\u0022:\\u0022useLightbox\\u0022,\\u0022numItemsDisplayed\\u0022:0,\\u0022lazyLoading\\u0022:true,\\u0022contentNoPadding\\u0022:false,\\u0022galleryPreloaderColor\\u0022:\\u0022rgba(230,230,230,1)\\u0022,\\u0022galleryBgColor\\u0022:\\u0022rgba(0,0,0,0)\\u0022,\\u0022galleryBorderRadius\\u0022:0,\\u0022customCSS\\u0022:\\u0022\\u0022,\\u0022tagsFilter\\u0022:false,\\u0022tagCloudAll\\u0022:\\u0022All\\u0022,\\u0022tagCloudBgColor\\u0022:\\u0022rgba(153,153,153,1)\\u0022,\\u0022tagCloudBgColorOver\\u0022:\\u0022rgba(253,253,253,1)\\u0022,\\u0022tagCloudTextColor\\u0022:\\u0022rgba(253,253,253,1)\\u0022,\\u0022tagCloudTextColorOver\\u0022:\\u0022rgba(153,153,153,1)\\u0022,\\u0022tagCloudFontSize\\u0022:16,\\u0022modaBgColor\\u0022:\\u0022rgba(0,0,0,0.8)\\u0022,\\u0022modalIconColor\\u0022:\\u0022rgba(255,255,255,1)\\u0022,\\u0022modalIconColorHover\\u0022:\\u0022rgba(255,255,255,0.8)\\u0022,\\u0022shareFacebook\\u0022:true,\\u0022shareTwitter\\u0022:true,\\u0022sharePinterest\\u0022:true,\\u0022sliderItemDownload\\u0022:true,\\u0022shareCopyLink\\u0022:true,\\u0022sharePost\\u0022:\\u0022sharelink\\u0022,\\u0022copyRProtection\\u0022:false,\\u0022copyRAlert\\u0022:\\u0022Hello, this photo is mine!\\u0022,\\u0022sliderScrollNavi\\u0022:false,\\u0022sliderFullSizeViewMode\\u0022:false,\\u0022sliderNextPrevAnimation\\u0022:\\u0022animation\\u0022,\\u0022galleryScrollPositionControll\\u0022:false,\\u0022sliderVideoAutoPlay\\u0022:false,\\u0022sliderVideoLoop\\u0022:false,\\u0022sliderItemCounterEnable\\u0022:true,\\u0022sliderCaptionSrc\\u0022:\\u0022caption\\u0022,\\u0022sliderItemTitleEnable\\u0022:false,\\u0022sliderItemTitleFontSize\\u0022:18,\\u0022sliderItemTitleTextColor\\u0022:\\u0022rgba(255,255,255,1)\\u0022,\\u0022itemCounterColor\\u0022:\\u0022rgba(255,255,255,1)\\u0022,\\u0022sliderThumbBarEnable\\u0022:true,\\u0022sliderThumbBarHoverColor\\u0022:\\u0022rgba(240,240,240,1)\\u0022,\\u0022sliderBgColor\\u0022:\\u0022rgba(0,0,0,0.8)\\u0022,\\u0022sliderPreloaderColor\\u0022:\\u0022rgba(240,240,240,1)\\u0022,\\u0022sliderHeaderFooterBgColor\\u0022:\\u0022rgba(0,0,0,0.4)\\u0022,\\u0022sliderNavigationColor\\u0022:\\u0022rgba(0,0,0,1)\\u0022,\\u0022sliderNavigationColorOver\\u0022:\\u0022rgba(255,255,255,1)\\u0022,\\u0022sliderNavigationIconColor\\u0022:\\u0022rgba(255,255,255,1)\\u0022,\\u0022sliderNavigationIconColorOver\\u0022:\\u0022rgba(0,0,0,1)\\u0022,\\u0022sliderSlideshow\\u0022:true,\\u0022sliderSlideshowDelay\\u0022:8,\\u0022slideshowIndicatorColor\\u0022:\\u0022rgba(255,255,255,1)\\u0022,\\u0022slideshowIndicatorColorBg\\u0022:\\u0022rgba(255,255,255,0.5)\\u0022,\\u0022sliderThumbSubMenuBackgroundColor\\u0022:\\u0022rgba(255,255,255,0)\\u0022,\\u0022sliderThumbSubMenuBackgroundColorOver\\u0022:\\u0022rgba(255,255,255,1)\\u0022,\\u0022sliderThumbSubMenuIconColor\\u0022:\\u0022rgba(255,255,255,1)\\u0022,\\u0022sliderThumbSubMenuIconHoverColor\\u0022:\\u0022rgba(0,0,0,1)\\u0022,\\u0022sliderSocialShareEnabled\\u0022:true,\\u0022sliderZoomEnable\\u0022:true,\\u0022sliderFullscreenEnabled\\u0022:true,\\u0022kioblocks\\u0022:[],\\u0022skin\\u0022:\\u0022slider\\u0022}\",\"useClobalSettings\":true,\"copyRProtection\":true,\"copyRAlert\":\"\u00a9 Copyright, kontaktieren Sie mich f\u00fcr den Download !\",\"sliderFullSizeViewMode\":true,\"sliderNextPrevAnimation\":\"fade\",\"sliderSlideshowDelay\":5,\"kioblocks\":[]}<\/script><script>(function(){if(window.PGC_SGB && window.PGC_SGB.searcher){window.PGC_SGB.searcher.initBlocks()}})()<\/script><\/div>\n\n\n<p class=\"wp-block-paragraph\"><\/p>\n","protected":false},"excerpt":{"rendered":"<p>Bl\u00fcemlisalphorn 3661 M.\u00fc.M. Von der Bundl\u00e4ger Sennh\u00fctte (1918) starten wir am Vortag in Richtung Bl\u00fcemlisalph\u00fctte, zuerst m\u00e4ssig ansteigend bis Punkt 2050 anschliessend steil bis zum Sattel Uf der Wart 2459 und weiter steil bis Hoht\u00fcrli 2778. Nach diesem anhaltend steilem und strengem Aufstieg erblickt man nun endlich die Bl\u00fcemlisaplh\u00fctte 2835, das Tagesziel ist wenig sp\u00e4ter erreicht. Nach dem Einrichten im Schlafraum heisst es nun einfach nur die wundersch\u00f6ne Bergwelt geniessen<\/p>\n<p><a class=\"more-link\" href=\"https:\/\/bindschi.ch\/index.php\/blueemlisaplhorn\/\">Weiterlesen<\/a><\/p>\n","protected":false},"author":1,"featured_media":0,"parent":0,"menu_order":0,"comment_status":"closed","ping_status":"closed","template":"","meta":{"_coblocks_attr":"","_coblocks_dimensions":"","_coblocks_responsive_height":"","_coblocks_accordion_ie_support":"","kk_blocks_editor_width":"","_kiokenblocks_attr":"","_kiokenblocks_dimensions":"","pgc_sgb_lightbox_settings":"","footnotes":""},"class_list":["post-1974","page","type-page","status-publish","hentry"],"_links":{"self":[{"href":"https:\/\/bindschi.ch\/index.php\/wp-json\/wp\/v2\/pages\/1974","targetHints":{"allow":["GET"]}}],"collection":[{"href":"https:\/\/bindschi.ch\/index.php\/wp-json\/wp\/v2\/pages"}],"about":[{"href":"https:\/\/bindschi.ch\/index.php\/wp-json\/wp\/v2\/types\/page"}],"author":[{"embeddable":true,"href":"https:\/\/bindschi.ch\/index.php\/wp-json\/wp\/v2\/users\/1"}],"replies":[{"embeddable":true,"href":"https:\/\/bindschi.ch\/index.php\/wp-json\/wp\/v2\/comments?post=1974"}],"version-history":[{"count":8,"href":"https:\/\/bindschi.ch\/index.php\/wp-json\/wp\/v2\/pages\/1974\/revisions"}],"predecessor-version":[{"id":4257,"href":"https:\/\/bindschi.ch\/index.php\/wp-json\/wp\/v2\/pages\/1974\/revisions\/4257"}],"wp:attachment":[{"href":"https:\/\/bindschi.ch\/index.php\/wp-json\/wp\/v2\/media?parent=1974"}],"curies":[{"name":"wp","href":"https:\/\/api.w.org\/{rel}","templated":true}]}}